{"id":842,"date":"2013-04-01T16:38:57","date_gmt":"2013-04-01T15:38:57","guid":{"rendered":"http:\/\/www.nicolas-hafner.com\/new\/?page_id=842"},"modified":"2025-08-12T13:46:23","modified_gmt":"2025-08-12T13:46:23","slug":"chansons","status":"publish","type":"page","link":"https:\/\/nicolas-hafner.com\/web\/index.php\/2018-2\/voir-ecouter\/chansons\/","title":{"rendered":"JukeBox Chansons"},"content":{"rendered":"\t\t<div data-elementor-type=\"wp-post\" data-elementor-id=\"842\" class=\"elementor elementor-842\" data-elementor-post-type=\"page\">\n\t\t\t\t\t\t<section class=\"elementor-section elementor-top-section elementor-element elementor-element-54d1423 elementor-section-boxed elementor-section-height-default elementor-section-height-default\" data-id=\"54d1423\" data-element_type=\"section\" data-e-type=\"section\">\n\t\t\t\t\t\t<div class=\"elementor-container elementor-column-gap-default\">\n\t\t\t\t\t<div class=\"elementor-column elementor-col-33 elementor-top-column elementor-element elementor-element-9cf84a0\" data-id=\"9cf84a0\" data-element_type=\"column\" data-e-type=\"column\">\n\t\t\t<div class=\"elementor-widget-wrap elementor-element-populated\">\n\t\t\t\t\t\t<div class=\"elementor-element elementor-element-78a2fb1 elementor-nav-menu--dropdown-tablet elementor-nav-menu__text-align-aside elementor-nav-menu--toggle elementor-nav-menu--burger elementor-widget elementor-widget-nav-menu\" data-id=\"78a2fb1\" data-element_type=\"widget\" data-e-type=\"widget\" data-settings=\"{&quot;layout&quot;:&quot;vertical&quot;,&quot;submenu_icon&quot;:{&quot;value&quot;:&quot;&lt;i class=\\&quot;fas fa-caret-down\\&quot; aria-hidden=\\&quot;true\\&quot;&gt;&lt;\\\/i&gt;&quot;,&quot;library&quot;:&quot;fa-solid&quot;},&quot;toggle&quot;:&quot;burger&quot;}\" data-widget_type=\"nav-menu.default\">\n\t\t\t\t<div class=\"elementor-widget-container\">\n\t\t\t\t\t\t\t\t<nav aria-label=\"Menu\" class=\"elementor-nav-menu--main elementor-nav-menu__container elementor-nav-menu--layout-vertical e--pointer-underline e--animation-fade\">\n\t\t\t\t<ul id=\"menu-1-78a2fb1\" class=\"elementor-nav-menu sm-vertical\"><li class=\"menu-item menu-item-type-post_type menu-item-object-page menu-item-3712\"><a href=\"https:\/\/nicolas-hafner.com\/web\/index.php\/2018-2\/voir-ecouter\/chansons\/\" class=\"elementor-item menu-link\">Juke-Box Chansons<\/a><\/li>\n<li class=\"menu-item menu-item-type-post_type menu-item-object-page menu-item-3716\"><a href=\"https:\/\/nicolas-hafner.com\/web\/index.php\/2018-2\/voir-ecouter\/jazz\/\" class=\"elementor-item menu-link\">JukeBox Jazz<\/a><\/li>\n<li class=\"menu-item menu-item-type-post_type menu-item-object-page menu-item-3715\"><a href=\"https:\/\/nicolas-hafner.com\/web\/index.php\/2018-2\/voir-ecouter\/orgue\/\" class=\"elementor-item menu-link\">JukeBox Orgue<\/a><\/li>\n<li class=\"menu-item menu-item-type-post_type menu-item-object-page menu-item-3832\"><a href=\"https:\/\/nicolas-hafner.com\/web\/index.php\/2018-2\/voir-ecouter\/juke-box-swisstet\/\" class=\"elementor-item menu-link\">Juke-Box Swisstet<\/a><\/li>\n<li class=\"menu-item menu-item-type-post_type menu-item-object-page menu-item-3717\"><a href=\"https:\/\/nicolas-hafner.com\/web\/index.php\/2018-2\/voir-ecouter\/jukebox-piano-2\/\" class=\"elementor-item menu-link\">Juke-Box Piano<\/a><\/li>\n<li class=\"menu-item menu-item-type-post_type menu-item-object-page menu-item-4319\"><a href=\"https:\/\/nicolas-hafner.com\/web\/index.php\/2018-2\/voir-ecouter\/juke-box-lessentiel\/\" class=\"elementor-item menu-link\">Juke-Box L&rsquo;Essentiel<\/a><\/li>\n<\/ul>\t\t\t<\/nav>\n\t\t\t\t\t<div class=\"elementor-menu-toggle\" role=\"button\" tabindex=\"0\" aria-label=\"Permuter le menu\" aria-expanded=\"false\">\n\t\t\t<i aria-hidden=\"true\" role=\"presentation\" class=\"elementor-menu-toggle__icon--open eicon-menu-bar\"><\/i><i aria-hidden=\"true\" role=\"presentation\" class=\"elementor-menu-toggle__icon--close eicon-close\"><\/i>\t\t<\/div>\n\t\t\t\t\t<nav class=\"elementor-nav-menu--dropdown elementor-nav-menu__container\" aria-hidden=\"true\">\n\t\t\t\t<ul id=\"menu-2-78a2fb1\" class=\"elementor-nav-menu sm-vertical\"><li class=\"menu-item menu-item-type-post_type menu-item-object-page menu-item-3712\"><a href=\"https:\/\/nicolas-hafner.com\/web\/index.php\/2018-2\/voir-ecouter\/chansons\/\" class=\"elementor-item menu-link\" tabindex=\"-1\">Juke-Box Chansons<\/a><\/li>\n<li class=\"menu-item menu-item-type-post_type menu-item-object-page menu-item-3716\"><a href=\"https:\/\/nicolas-hafner.com\/web\/index.php\/2018-2\/voir-ecouter\/jazz\/\" class=\"elementor-item menu-link\" tabindex=\"-1\">JukeBox Jazz<\/a><\/li>\n<li class=\"menu-item menu-item-type-post_type menu-item-object-page menu-item-3715\"><a href=\"https:\/\/nicolas-hafner.com\/web\/index.php\/2018-2\/voir-ecouter\/orgue\/\" class=\"elementor-item menu-link\" tabindex=\"-1\">JukeBox Orgue<\/a><\/li>\n<li class=\"menu-item menu-item-type-post_type menu-item-object-page menu-item-3832\"><a href=\"https:\/\/nicolas-hafner.com\/web\/index.php\/2018-2\/voir-ecouter\/juke-box-swisstet\/\" class=\"elementor-item menu-link\" tabindex=\"-1\">Juke-Box Swisstet<\/a><\/li>\n<li class=\"menu-item menu-item-type-post_type menu-item-object-page menu-item-3717\"><a href=\"https:\/\/nicolas-hafner.com\/web\/index.php\/2018-2\/voir-ecouter\/jukebox-piano-2\/\" class=\"elementor-item menu-link\" tabindex=\"-1\">Juke-Box Piano<\/a><\/li>\n<li class=\"menu-item menu-item-type-post_type menu-item-object-page menu-item-4319\"><a href=\"https:\/\/nicolas-hafner.com\/web\/index.php\/2018-2\/voir-ecouter\/juke-box-lessentiel\/\" class=\"elementor-item menu-link\" tabindex=\"-1\">Juke-Box L&rsquo;Essentiel<\/a><\/li>\n<\/ul>\t\t\t<\/nav>\n\t\t\t\t\t\t<\/div>\n\t\t\t\t<\/div>\n\t\t\t\t\t<\/div>\n\t\t<\/div>\n\t\t\t\t<div class=\"elementor-column elementor-col-66 elementor-top-column elementor-element elementor-element-1ba2015\" data-id=\"1ba2015\" data-element_type=\"column\" data-e-type=\"column\">\n\t\t\t<div class=\"elementor-widget-wrap elementor-element-populated\">\n\t\t\t\t\t\t<div class=\"elementor-element elementor-element-9572bca elementor-widget elementor-widget-accordion\" data-id=\"9572bca\" data-element_type=\"widget\" data-e-type=\"widget\" data-widget_type=\"accordion.default\">\n\t\t\t\t<div class=\"elementor-widget-container\">\n\t\t\t\t\t\t\t<div class=\"elementor-accordion\">\n\t\t\t\t\t\t\t<div class=\"elementor-accordion-item\">\n\t\t\t\t\t<div id=\"elementor-tab-title-1561\" class=\"elementor-tab-title\" data-tab=\"1\" role=\"button\" aria-controls=\"elementor-tab-content-1561\" aria-expanded=\"false\">\n\t\t\t\t\t\t\t\t\t\t\t\t\t<span class=\"elementor-accordion-icon elementor-accordion-icon-left\" aria-hidden=\"true\">\n\t\t\t\t\t\t\t\t\t\t\t\t\t\t\t<span class=\"elementor-accordion-icon-closed\"><i class=\"fas fa-music\"><\/i><\/span>\n\t\t\t\t\t\t\t\t<span class=\"elementor-accordion-icon-opened\"><i class=\"fas fa-music\"><\/i><\/span>\n\t\t\t\t\t\t\t\t\t\t\t\t\t\t<\/span>\n\t\t\t\t\t\t\t\t\t\t\t\t<a class=\"elementor-accordion-title\" tabindex=\"0\">Fran\u00e7ois Maillard; \"Dr\u00f4le d'\u00e9poque\"<\/a>\n\t\t\t\t\t<\/div>\n\t\t\t\t\t<div id=\"elementor-tab-content-1561\" class=\"elementor-tab-content elementor-clearfix\" data-tab=\"1\" role=\"region\" aria-labelledby=\"elementor-tab-title-1561\"><p><a href=\"http:\/\/nicolas-hafner.com\/web\/wp-content\/uploads\/2018\/05\/fourre_chansons_maillard-300x300.jpg\"><img decoding=\"async\" class=\"alignleft size-thumbnail wp-image-3736\" src=\"http:\/\/nicolas-hafner.com\/web\/wp-content\/uploads\/2018\/05\/fourre_chansons_maillard-300x300-150x150.jpg\" alt=\"\" width=\"150\" height=\"150\" srcset=\"https:\/\/nicolas-hafner.com\/web\/wp-content\/uploads\/2018\/05\/fourre_chansons_maillard-300x300-150x150.jpg 150w, https:\/\/nicolas-hafner.com\/web\/wp-content\/uploads\/2018\/05\/fourre_chansons_maillard-300x300.jpg 300w\" sizes=\"(max-width: 150px) 100vw, 150px\" \/><\/a>Une magnifique collaboration, en tant que r\u00e9alisateur et arrangeur, avec un artiste engag\u00e9, qui n&rsquo;a pas la plume dans sa poche. D&rsquo;\u00e9mouvantes descriptions de notre soci\u00e9t\u00e9, de ces personnages, sans concessions, avec franchise, avec \u00e9motion. Fran\u00e7ois Maillard est un po\u00e8te tendre et incisif.<\/p><div class=\"wp-playlist wp-audio-playlist wp-playlist-light\">\n\t\t\t<div class=\"wp-playlist-current-item\"><\/div>\n\t\t<audio controls=\"controls\" preload=\"none\" width=\"1178\"\n\t\t\t><\/audio>\n\t<div class=\"wp-playlist-next\"><\/div>\n\t<div class=\"wp-playlist-prev\"><\/div>\n\t<noscript>\n\t<ol>\n\t\t<li><a href='https:\/\/nicolas-hafner.com\/web\/wp-content\/uploads\/2013\/09\/01-Salut-Monsieur-le-clown.mp3'>Salut Monsieur le clown<\/a><\/li><li><a href='https:\/\/nicolas-hafner.com\/web\/wp-content\/uploads\/2013\/09\/02-Le-vent-du-matin.mp3'>Le vent du matin<\/a><\/li><li><a href='https:\/\/nicolas-hafner.com\/web\/wp-content\/uploads\/2013\/09\/03-Violence.mp3'>Violence<\/a><\/li><li><a href='https:\/\/nicolas-hafner.com\/web\/wp-content\/uploads\/2013\/09\/04-Heureux-croyants.mp3'>Heureux croyants<\/a><\/li><li><a href='https:\/\/nicolas-hafner.com\/web\/wp-content\/uploads\/2013\/09\/05-Rupture.mp3'>Rupture<\/a><\/li><li><a href='https:\/\/nicolas-hafner.com\/web\/wp-content\/uploads\/2013\/09\/06-Drole_d_epoque.mp3'>Dr\u00f4le d&rsquo;\u00e9poque<\/a><\/li><li><a href='https:\/\/nicolas-hafner.com\/web\/wp-content\/uploads\/2013\/09\/07-A-mon-pere.mp3'>A mon p\u00e8re<\/a><\/li><li><a href='https:\/\/nicolas-hafner.com\/web\/wp-content\/uploads\/2013\/09\/08-Reves-envoles.mp3'>R\u00eaves envol\u00e9s<\/a><\/li><li><a href='https:\/\/nicolas-hafner.com\/web\/wp-content\/uploads\/2013\/09\/09-Petite-Melanie.mp3'>Petite M\u00e9lanie<\/a><\/li><li><a href='https:\/\/nicolas-hafner.com\/web\/wp-content\/uploads\/2013\/09\/10-Chez-lAmi-Pierrot.mp3'>Chez l&rsquo;ami Pierrot<\/a><\/li>\t<\/ol>\n\t<\/noscript>\n\t<script type=\"application\/json\" class=\"wp-playlist-script\">{\"type\":\"audio\",\"tracklist\":true,\"tracknumbers\":true,\"images\":true,\"artists\":true,\"tracks\":[{\"src\":\"https:\/\/nicolas-hafner.com\/web\/wp-content\/uploads\/2013\/09\/01-Salut-Monsieur-le-clown.mp3\",\"type\":\"audio\/mpeg\",\"title\":\"Salut Monsieur le clown\",\"caption\":\"\",\"description\":\"\\u003Ci\\u003EPiste 01\\u003C\/i\\u003E. Piste 1 sur 10.\",\"meta\":{\"artist\":\"Fran\\u00e7ois Maillard\",\"album\":\"Dr\\u00f4le d'\\u00e9poque\",\"length_formatted\":\"3:03\"},\"image\":{\"src\":\"https:\/\/nicolas-hafner.com\/web\/wp-includes\/images\/media\/audio.svg\",\"width\":48,\"height\":64},\"thumb\":{\"src\":\"https:\/\/nicolas-hafner.com\/web\/wp-includes\/images\/media\/audio.svg\",\"width\":48,\"height\":64}},{\"src\":\"https:\/\/nicolas-hafner.com\/web\/wp-content\/uploads\/2013\/09\/02-Le-vent-du-matin.mp3\",\"type\":\"audio\/mpeg\",\"title\":\"Le vent du matin\",\"caption\":\"\",\"description\":\"\\u003Ci\\u003EPiste 02\\u003C\/i\\u003E. Piste 2 sur 10.\",\"meta\":{\"artist\":\"Fran\\u00e7ois Maillard\",\"album\":\"Dr\\u00f4le d'\\u00e9poque\",\"length_formatted\":\"4:21\"},\"image\":{\"src\":\"https:\/\/nicolas-hafner.com\/web\/wp-includes\/images\/media\/audio.svg\",\"width\":48,\"height\":64},\"thumb\":{\"src\":\"https:\/\/nicolas-hafner.com\/web\/wp-includes\/images\/media\/audio.svg\",\"width\":48,\"height\":64}},{\"src\":\"https:\/\/nicolas-hafner.com\/web\/wp-content\/uploads\/2013\/09\/03-Violence.mp3\",\"type\":\"audio\/mpeg\",\"title\":\"Violence\",\"caption\":\"\",\"description\":\"\\u003Ci\\u003EPiste 03\\u003C\/i\\u003E. Piste 3 sur 10.\",\"meta\":{\"artist\":\"Fran\\u00e7ois Maillard\",\"album\":\"Dr\\u00f4le d'\\u00e9poque\",\"length_formatted\":\"4:08\"},\"image\":{\"src\":\"https:\/\/nicolas-hafner.com\/web\/wp-includes\/images\/media\/audio.svg\",\"width\":48,\"height\":64},\"thumb\":{\"src\":\"https:\/\/nicolas-hafner.com\/web\/wp-includes\/images\/media\/audio.svg\",\"width\":48,\"height\":64}},{\"src\":\"https:\/\/nicolas-hafner.com\/web\/wp-content\/uploads\/2013\/09\/04-Heureux-croyants.mp3\",\"type\":\"audio\/mpeg\",\"title\":\"Heureux croyants\",\"caption\":\"\",\"description\":\"\\u003Ci\\u003EPiste 04\\u003C\/i\\u003E. Piste 4 sur 10.\",\"meta\":{\"artist\":\"Fran\\u00e7ois Maillard\",\"album\":\"Dr\\u00f4le d'\\u00e9poque\",\"length_formatted\":\"3:52\"},\"image\":{\"src\":\"https:\/\/nicolas-hafner.com\/web\/wp-includes\/images\/media\/audio.svg\",\"width\":48,\"height\":64},\"thumb\":{\"src\":\"https:\/\/nicolas-hafner.com\/web\/wp-includes\/images\/media\/audio.svg\",\"width\":48,\"height\":64}},{\"src\":\"https:\/\/nicolas-hafner.com\/web\/wp-content\/uploads\/2013\/09\/05-Rupture.mp3\",\"type\":\"audio\/mpeg\",\"title\":\"Rupture\",\"caption\":\"\",\"description\":\"\\u003Ci\\u003EPiste 05\\u003C\/i\\u003E. Piste 5 sur 10.\",\"meta\":{\"artist\":\"Fran\\u00e7ois Maillard\",\"album\":\"Dr\\u00f4le d'\\u00e9poque\",\"length_formatted\":\"2:57\"},\"image\":{\"src\":\"https:\/\/nicolas-hafner.com\/web\/wp-includes\/images\/media\/audio.svg\",\"width\":48,\"height\":64},\"thumb\":{\"src\":\"https:\/\/nicolas-hafner.com\/web\/wp-includes\/images\/media\/audio.svg\",\"width\":48,\"height\":64}},{\"src\":\"https:\/\/nicolas-hafner.com\/web\/wp-content\/uploads\/2013\/09\/06-Drole_d_epoque.mp3\",\"type\":\"audio\/mpeg\",\"title\":\"Dr\\u00f4le d'\\u00e9poque\",\"caption\":\"\",\"description\":\"\\u003Ci\\u003EPiste 06\\u003C\/i\\u003E. Piste 6 sur 10.\",\"meta\":{\"artist\":\"Fran\\u00e7ois Maillard\",\"album\":\"Dr\\u00f4le d'\\u00e9poque\",\"length_formatted\":\"5:23\"},\"image\":{\"src\":\"https:\/\/nicolas-hafner.com\/web\/wp-includes\/images\/media\/audio.svg\",\"width\":48,\"height\":64},\"thumb\":{\"src\":\"https:\/\/nicolas-hafner.com\/web\/wp-includes\/images\/media\/audio.svg\",\"width\":48,\"height\":64}},{\"src\":\"https:\/\/nicolas-hafner.com\/web\/wp-content\/uploads\/2013\/09\/07-A-mon-pere.mp3\",\"type\":\"audio\/mpeg\",\"title\":\"A mon p\\u00e8re\",\"caption\":\"\",\"description\":\"\\u003Ci\\u003EPiste 07\\u003C\/i\\u003E. Piste 7 sur 10.\",\"meta\":{\"artist\":\"Fran\\u00e7ois Maillard\",\"album\":\"Dr\\u00f4le d'\\u00e9poque\",\"length_formatted\":\"5:05\"},\"image\":{\"src\":\"https:\/\/nicolas-hafner.com\/web\/wp-includes\/images\/media\/audio.svg\",\"width\":48,\"height\":64},\"thumb\":{\"src\":\"https:\/\/nicolas-hafner.com\/web\/wp-includes\/images\/media\/audio.svg\",\"width\":48,\"height\":64}},{\"src\":\"https:\/\/nicolas-hafner.com\/web\/wp-content\/uploads\/2013\/09\/08-Reves-envoles.mp3\",\"type\":\"audio\/mpeg\",\"title\":\"R\\u00eaves envol\\u00e9s\",\"caption\":\"\",\"description\":\"\\u003Ci\\u003EPiste 08\\u003C\/i\\u003E. Piste 8 sur 10.\",\"meta\":{\"artist\":\"Fran\\u00e7ois Maillard\",\"album\":\"Dr\\u00f4le d'\\u00e9poque\",\"length_formatted\":\"3:42\"},\"image\":{\"src\":\"https:\/\/nicolas-hafner.com\/web\/wp-includes\/images\/media\/audio.svg\",\"width\":48,\"height\":64},\"thumb\":{\"src\":\"https:\/\/nicolas-hafner.com\/web\/wp-includes\/images\/media\/audio.svg\",\"width\":48,\"height\":64}},{\"src\":\"https:\/\/nicolas-hafner.com\/web\/wp-content\/uploads\/2013\/09\/09-Petite-Melanie.mp3\",\"type\":\"audio\/mpeg\",\"title\":\"Petite M\\u00e9lanie\",\"caption\":\"\",\"description\":\"\\u003Ci\\u003EPiste 09\\u003C\/i\\u003E. Piste 9 sur 10.\",\"meta\":{\"artist\":\"Fran\\u00e7ois Maillard\",\"album\":\"Dr\\u00f4le d'\\u00e9poque\",\"length_formatted\":\"5:13\"},\"image\":{\"src\":\"https:\/\/nicolas-hafner.com\/web\/wp-includes\/images\/media\/audio.svg\",\"width\":48,\"height\":64},\"thumb\":{\"src\":\"https:\/\/nicolas-hafner.com\/web\/wp-includes\/images\/media\/audio.svg\",\"width\":48,\"height\":64}},{\"src\":\"https:\/\/nicolas-hafner.com\/web\/wp-content\/uploads\/2013\/09\/10-Chez-lAmi-Pierrot.mp3\",\"type\":\"audio\/mpeg\",\"title\":\"Chez l'ami Pierrot\",\"caption\":\"\",\"description\":\"\\u003Ci\\u003EPiste 10\\u003C\/i\\u003E. Piste 10 sur 10.\",\"meta\":{\"artist\":\"Fran\\u00e7ois Maillard\",\"album\":\"Dr\\u00f4le d'\\u00e9poque\",\"length_formatted\":\"4:27\"},\"image\":{\"src\":\"https:\/\/nicolas-hafner.com\/web\/wp-includes\/images\/media\/audio.svg\",\"width\":48,\"height\":64},\"thumb\":{\"src\":\"https:\/\/nicolas-hafner.com\/web\/wp-includes\/images\/media\/audio.svg\",\"width\":48,\"height\":64}}]}<\/script>\n<\/div>\n\t<\/div>\n\t\t\t\t<\/div>\n\t\t\t\t\t\t\t<div class=\"elementor-accordion-item\">\n\t\t\t\t\t<div id=\"elementor-tab-title-1562\" class=\"elementor-tab-title\" data-tab=\"2\" role=\"button\" aria-controls=\"elementor-tab-content-1562\" aria-expanded=\"false\">\n\t\t\t\t\t\t\t\t\t\t\t\t\t<span class=\"elementor-accordion-icon elementor-accordion-icon-left\" aria-hidden=\"true\">\n\t\t\t\t\t\t\t\t\t\t\t\t\t\t\t<span class=\"elementor-accordion-icon-closed\"><i class=\"fas fa-music\"><\/i><\/span>\n\t\t\t\t\t\t\t\t<span class=\"elementor-accordion-icon-opened\"><i class=\"fas fa-music\"><\/i><\/span>\n\t\t\t\t\t\t\t\t\t\t\t\t\t\t<\/span>\n\t\t\t\t\t\t\t\t\t\t\t\t<a class=\"elementor-accordion-title\" tabindex=\"0\">Best Of des Funambules<\/a>\n\t\t\t\t\t<\/div>\n\t\t\t\t\t<div id=\"elementor-tab-content-1562\" class=\"elementor-tab-content elementor-clearfix\" data-tab=\"2\" role=\"region\" aria-labelledby=\"elementor-tab-title-1562\"><p><a href=\"http:\/\/nicolas-hafner.com\/web\/wp-content\/uploads\/2018\/05\/fourre_funambules-300x296.jpg\"><img decoding=\"async\" class=\"alignleft size-thumbnail wp-image-3741\" src=\"http:\/\/nicolas-hafner.com\/web\/wp-content\/uploads\/2018\/05\/fourre_funambules-300x296-150x150.jpg\" alt=\"\" width=\"150\" height=\"150\" \/><\/a>De merveilleuses aventures avec les Ateliers du Funambule, Eliane Dambre, la directrice, Claude Lemesle, Michel Fugain, le guitariste Philippe Hervou\u00ebt et les jeunes des Ateliers (Loraine F\u00e9lix, Aliose, Kif-Kif, Dare-Dare, St\u00e9phanie L\u00e9opozzi, Jyaleen, ED Starwaves Jolane, Loena\u00ef, M\u00e9lanie Ren\u00e9 et tant d&rsquo;autres&#8230;).<\/p><p>Les musiques de Tout donner et C\u00f4t\u00e9 cour, c\u00f4t\u00e9 jardin sont de NH.<\/p><div class=\"wp-playlist wp-audio-playlist wp-playlist-light\">\n\t\t\t<div class=\"wp-playlist-current-item\"><\/div>\n\t\t<audio controls=\"controls\" preload=\"none\" width=\"1178\"\n\t\t\t><\/audio>\n\t<div class=\"wp-playlist-next\"><\/div>\n\t<div class=\"wp-playlist-prev\"><\/div>\n\t<noscript>\n\t<ol>\n\t\t<li><a href='https:\/\/nicolas-hafner.com\/web\/wp-content\/uploads\/2013\/09\/01.-Funambule-Tout-Donner.mp3'>Tout donner<\/a><\/li><li><a href='https:\/\/nicolas-hafner.com\/web\/wp-content\/uploads\/2013\/09\/02.-Funambule-Cote-jardin-cote-cour.mp3'>C\u00f4t\u00e9 jardin, c\u00f4t\u00e9 cour.<\/a><\/li><li><a href='https:\/\/nicolas-hafner.com\/web\/wp-content\/uploads\/2013\/09\/03.-Funambule-For-There-Is-No-Distance.mp3'>For There Is No Distance<\/a><\/li><li><a href='https:\/\/nicolas-hafner.com\/web\/wp-content\/uploads\/2013\/09\/05.-Funambule-La-Bagnole.mp3'>La Bagnole<\/a><\/li><li><a href='https:\/\/nicolas-hafner.com\/web\/wp-content\/uploads\/2013\/09\/06.-Funambule-Une-Terre-sans-vous.mp3'>Une Terre sans vous<\/a><\/li>\t<\/ol>\n\t<\/noscript>\n\t<script type=\"application\/json\" class=\"wp-playlist-script\">{\"type\":\"audio\",\"tracklist\":true,\"tracknumbers\":true,\"images\":true,\"artists\":true,\"tracks\":[{\"src\":\"https:\/\/nicolas-hafner.com\/web\/wp-content\/uploads\/2013\/09\/01.-Funambule-Tout-Donner.mp3\",\"type\":\"audio\/mpeg\",\"title\":\"Tout donner\",\"caption\":\"\",\"description\":\"\\u003Ci\\u003ETout Donner mp3\\u003C\/i\\u003E par CD aiff site NH 08.07. Piste 1 sur 3.\",\"meta\":{\"artist\":\"Best Of des Funambules\",\"album\":\"10 Ans de Chansons\",\"length_formatted\":\"3:54\"},\"image\":{\"src\":\"https:\/\/nicolas-hafner.com\/web\/wp-includes\/images\/media\/audio.svg\",\"width\":48,\"height\":64},\"thumb\":{\"src\":\"https:\/\/nicolas-hafner.com\/web\/wp-includes\/images\/media\/audio.svg\",\"width\":48,\"height\":64}},{\"src\":\"https:\/\/nicolas-hafner.com\/web\/wp-content\/uploads\/2013\/09\/02.-Funambule-Cote-jardin-cote-cour.mp3\",\"type\":\"audio\/mpeg\",\"title\":\"C\\u00f4t\\u00e9 jardin, c\\u00f4t\\u00e9 cour.\",\"caption\":\"\",\"description\":\"\\u003Ci\\u003EFunambule. C\\u00f4t\\u00e9 jardin, c\\u00f4t\\u00e9 cour.mp3\\u003C\/i\\u003E.\",\"meta\":{\"artist\":\"Best Of des Funambules\",\"album\":\"10 Ans de Chansons\",\"length_formatted\":\"3:08\"},\"image\":{\"src\":\"https:\/\/nicolas-hafner.com\/web\/wp-includes\/images\/media\/audio.svg\",\"width\":48,\"height\":64},\"thumb\":{\"src\":\"https:\/\/nicolas-hafner.com\/web\/wp-includes\/images\/media\/audio.svg\",\"width\":48,\"height\":64}},{\"src\":\"https:\/\/nicolas-hafner.com\/web\/wp-content\/uploads\/2013\/09\/03.-Funambule-For-There-Is-No-Distance.mp3\",\"type\":\"audio\/mpeg\",\"title\":\"For There Is No Distance\",\"caption\":\"\",\"description\":\"\\u003Ci\\u003EFor There Is No Distance\\u003C\/i\\u003E par CD aiff site NH 08.07. Piste 1 sur 5.\",\"meta\":{\"artist\":\"Best Of des Funambules\",\"album\":\"10 Ans de Chansons\",\"length_formatted\":\"3:19\"},\"image\":{\"src\":\"https:\/\/nicolas-hafner.com\/web\/wp-includes\/images\/media\/audio.svg\",\"width\":48,\"height\":64},\"thumb\":{\"src\":\"https:\/\/nicolas-hafner.com\/web\/wp-includes\/images\/media\/audio.svg\",\"width\":48,\"height\":64}},{\"src\":\"https:\/\/nicolas-hafner.com\/web\/wp-content\/uploads\/2013\/09\/05.-Funambule-La-Bagnole.mp3\",\"type\":\"audio\/mpeg\",\"title\":\"La Bagnole\",\"caption\":\"\",\"description\":\"\\u003Ci\\u003ELa Bagnole\\u003C\/i\\u003E tir\\u00e9 de \\u003Ci\\u003EDivers\\u003C\/i\\u003E par CD aiff site NH 08.07. Piste 1 sur 1.\",\"meta\":{\"artist\":\"Best Of des Funambules\",\"album\":\"10 Ans de Chansons\",\"length_formatted\":\"3:12\"},\"image\":{\"src\":\"https:\/\/nicolas-hafner.com\/web\/wp-includes\/images\/media\/audio.svg\",\"width\":48,\"height\":64},\"thumb\":{\"src\":\"https:\/\/nicolas-hafner.com\/web\/wp-includes\/images\/media\/audio.svg\",\"width\":48,\"height\":64}},{\"src\":\"https:\/\/nicolas-hafner.com\/web\/wp-content\/uploads\/2013\/09\/06.-Funambule-Une-Terre-sans-vous.mp3\",\"type\":\"audio\/mpeg\",\"title\":\"Une Terre sans vous\",\"caption\":\"\",\"description\":\"\\u003Ci\\u003E06. Funambule - Une Terre sans vous\\u003C\/i\\u003E.\",\"meta\":{\"artist\":\"Best Of des Funambules\",\"album\":\"10 Ans de Chansons\",\"length_formatted\":\"3:02\"},\"image\":{\"src\":\"https:\/\/nicolas-hafner.com\/web\/wp-includes\/images\/media\/audio.svg\",\"width\":48,\"height\":64},\"thumb\":{\"src\":\"https:\/\/nicolas-hafner.com\/web\/wp-includes\/images\/media\/audio.svg\",\"width\":48,\"height\":64}}]}<\/script>\n<\/div>\n\t<\/div>\n\t\t\t\t<\/div>\n\t\t\t\t\t\t\t<div class=\"elementor-accordion-item\">\n\t\t\t\t\t<div id=\"elementor-tab-title-1563\" class=\"elementor-tab-title\" data-tab=\"3\" role=\"button\" aria-controls=\"elementor-tab-content-1563\" aria-expanded=\"false\">\n\t\t\t\t\t\t\t\t\t\t\t\t\t<span class=\"elementor-accordion-icon elementor-accordion-icon-left\" aria-hidden=\"true\">\n\t\t\t\t\t\t\t\t\t\t\t\t\t\t\t<span class=\"elementor-accordion-icon-closed\"><i class=\"fas fa-music\"><\/i><\/span>\n\t\t\t\t\t\t\t\t<span class=\"elementor-accordion-icon-opened\"><i class=\"fas fa-music\"><\/i><\/span>\n\t\t\t\t\t\t\t\t\t\t\t\t\t\t<\/span>\n\t\t\t\t\t\t\t\t\t\t\t\t<a class=\"elementor-accordion-title\" tabindex=\"0\">Savika<\/a>\n\t\t\t\t\t<\/div>\n\t\t\t\t\t<div id=\"elementor-tab-content-1563\" class=\"elementor-tab-content elementor-clearfix\" data-tab=\"3\" role=\"region\" aria-labelledby=\"elementor-tab-title-1563\"><p>Une communion exceptionnelle\u00a0entre la voix en or de Savika et les plumes d\u2019argent de Claude Lemelse, Daniel Vaillant et Patrick Ferraris<\/p><p>\u00ab\u00a0Quand Claude, dans son appartement parisien, nous a chant\u00e9 le texte qu\u2019il avait \u00e9crit sur ma musique, j\u2019ai eu l\u2019impression d\u2019avoir \u00e9crit cette musique sur son texte, tant l\u2019alchimie \u00e9tait parfaite. Ce fut une sensation troublante et merveilleuse!\u00a0\u00bb NH<\/p><p>retrouvez Savika sur\u00a0<a href=\"http:\/\/www.savikacornuzozor.com\/\" target=\"_blank\" rel=\"noopener\">http:\/\/www.savikacornuzozor.com\/<\/a><\/p><div class=\"wp-playlist wp-audio-playlist wp-playlist-light\">\n\t\t\t<div class=\"wp-playlist-current-item\"><\/div>\n\t\t<audio controls=\"controls\" preload=\"none\" width=\"1178\"\n\t\t\t><\/audio>\n\t<div class=\"wp-playlist-next\"><\/div>\n\t<div class=\"wp-playlist-prev\"><\/div>\n\t<noscript>\n\t<ol>\n\t\t<li><a href='https:\/\/nicolas-hafner.com\/web\/wp-content\/uploads\/2018\/05\/01.-Savika.-Mal.mp3'>Mal<\/a><\/li><li><a href='https:\/\/nicolas-hafner.com\/web\/wp-content\/uploads\/2018\/05\/02.-Savika.-CEst-Trop-Facile.mp3'>C&rsquo;est Trop Facile.Mp3<\/a><\/li><li><a href='https:\/\/nicolas-hafner.com\/web\/wp-content\/uploads\/2018\/05\/03.-Savika.-Il-NEn-Faut-Pas-Beaucoup.mp3'>Il N&rsquo;en Faut Pas Beaucoup.mp3<\/a><\/li><li><a href='https:\/\/nicolas-hafner.com\/web\/wp-content\/uploads\/2018\/05\/04.-Savika.-Goutte-de-larme.mp3'>Goutte de larme<\/a><\/li>\t<\/ol>\n\t<\/noscript>\n\t<script type=\"application\/json\" class=\"wp-playlist-script\">{\"type\":\"audio\",\"tracklist\":true,\"tracknumbers\":true,\"images\":true,\"artists\":true,\"tracks\":[{\"src\":\"https:\/\/nicolas-hafner.com\/web\/wp-content\/uploads\/2018\/05\/01.-Savika.-Mal.mp3\",\"type\":\"audio\/mpeg\",\"title\":\"Mal\",\"caption\":\"\",\"description\":\"\\u003Ci\\u003ESavika: Mal.mp3\\u003C\/i\\u003E par CD aiff site NH 08.07.\",\"meta\":{\"artist\":\"Savika\",\"length_formatted\":\"4:06\"},\"image\":{\"src\":\"https:\/\/nicolas-hafner.com\/web\/wp-includes\/images\/media\/audio.svg\",\"width\":48,\"height\":64},\"thumb\":{\"src\":\"https:\/\/nicolas-hafner.com\/web\/wp-includes\/images\/media\/audio.svg\",\"width\":48,\"height\":64}},{\"src\":\"https:\/\/nicolas-hafner.com\/web\/wp-content\/uploads\/2018\/05\/02.-Savika.-CEst-Trop-Facile.mp3\",\"type\":\"audio\/mpeg\",\"title\":\"C'est Trop Facile.Mp3\",\"caption\":\"\",\"description\":\"\\u003Ci\\u003ESavika: C'est Trop Facile.Mp3\\u003C\/i\\u003E par CD aiff site NH 08.07.\",\"meta\":{\"artist\":\"Savika\",\"length_formatted\":\"3:05\"},\"image\":{\"src\":\"https:\/\/nicolas-hafner.com\/web\/wp-includes\/images\/media\/audio.svg\",\"width\":48,\"height\":64},\"thumb\":{\"src\":\"https:\/\/nicolas-hafner.com\/web\/wp-includes\/images\/media\/audio.svg\",\"width\":48,\"height\":64}},{\"src\":\"https:\/\/nicolas-hafner.com\/web\/wp-content\/uploads\/2018\/05\/03.-Savika.-Il-NEn-Faut-Pas-Beaucoup.mp3\",\"type\":\"audio\/mpeg\",\"title\":\"Il N'en Faut Pas Beaucoup.mp3\",\"caption\":\"\",\"description\":\"\\u003Ci\\u003ESavika: Il N'en Faut Pas Beaucoup.mp3\\u003C\/i\\u003E par CD aiff site NH 08.07.\",\"meta\":{\"artist\":\"Savika\",\"length_formatted\":\"3:29\"},\"image\":{\"src\":\"https:\/\/nicolas-hafner.com\/web\/wp-includes\/images\/media\/audio.svg\",\"width\":48,\"height\":64},\"thumb\":{\"src\":\"https:\/\/nicolas-hafner.com\/web\/wp-includes\/images\/media\/audio.svg\",\"width\":48,\"height\":64}},{\"src\":\"https:\/\/nicolas-hafner.com\/web\/wp-content\/uploads\/2018\/05\/04.-Savika.-Goutte-de-larme.mp3\",\"type\":\"audio\/mpeg\",\"title\":\"Goutte de larme\",\"caption\":\"\",\"description\":\"\\u003Ci\\u003E04. Savika. Goutte de larme\\u003C\/i\\u003E.\",\"meta\":{\"artist\":\"Savika\",\"length_formatted\":\"3:57\"},\"image\":{\"src\":\"https:\/\/nicolas-hafner.com\/web\/wp-includes\/images\/media\/audio.svg\",\"width\":48,\"height\":64},\"thumb\":{\"src\":\"https:\/\/nicolas-hafner.com\/web\/wp-includes\/images\/media\/audio.svg\",\"width\":48,\"height\":64}}]}<\/script>\n<\/div>\n\t<\/div>\n\t\t\t\t<\/div>\n\t\t\t\t\t\t\t<div class=\"elementor-accordion-item\">\n\t\t\t\t\t<div id=\"elementor-tab-title-1564\" class=\"elementor-tab-title\" data-tab=\"4\" role=\"button\" aria-controls=\"elementor-tab-content-1564\" aria-expanded=\"false\">\n\t\t\t\t\t\t\t\t\t\t\t\t\t<span class=\"elementor-accordion-icon elementor-accordion-icon-left\" aria-hidden=\"true\">\n\t\t\t\t\t\t\t\t\t\t\t\t\t\t\t<span class=\"elementor-accordion-icon-closed\"><i class=\"fas fa-music\"><\/i><\/span>\n\t\t\t\t\t\t\t\t<span class=\"elementor-accordion-icon-opened\"><i class=\"fas fa-music\"><\/i><\/span>\n\t\t\t\t\t\t\t\t\t\t\t\t\t\t<\/span>\n\t\t\t\t\t\t\t\t\t\t\t\t<a class=\"elementor-accordion-title\" tabindex=\"0\">D\u00e9couvertes!!<\/a>\n\t\t\t\t\t<\/div>\n\t\t\t\t\t<div id=\"elementor-tab-content-1564\" class=\"elementor-tab-content elementor-clearfix\" data-tab=\"4\" role=\"region\" aria-labelledby=\"elementor-tab-title-1564\"><p>Chris Maldah, un artiste \u00e0 la voix envo\u00fbtante, \u00e0 d\u00e9couvrir sur\u00a0<a title=\"Vers MySpace Chris Maldah\" href=\"http:\/\/fr.myspace.com\/chrismaldah\" target=\"_blank\" rel=\"noopener\">http:\/\/fr.myspace.com\/chrismaldah<\/a><br \/>DJ le suisse, le titre mythique, incontournable, avec la vache, les accord\u00e9ons et le yodel! Ca va , o\u00f9 bien? Oh, \u00e7a va s&rsquo;arranger!<br \/>Jean Lavaud, beaucoup de tendresse pour cette chanson, \u00e9crite dans les ann\u00e9es 50, \u00a0sur les Ecureuils du Mont-Royal, \u00e0 Montr\u00e9al. Une atmosph\u00e8re d&rsquo;\u00e9poque, vraiment.<br \/><em id=\"__mceDel\">Cette tr\u00e8s belle m\u00e9lodie chant\u00e9e par deux enfants, Noam et No\u00e9mie, qui ont \u00e9crit paroles et la musique.<\/em><\/p><div class=\"wp-playlist wp-audio-playlist wp-playlist-light\">\n\t\t\t<div class=\"wp-playlist-current-item\"><\/div>\n\t\t<audio controls=\"controls\" preload=\"none\" width=\"1178\"\n\t\t\t><\/audio>\n\t<div class=\"wp-playlist-next\"><\/div>\n\t<div class=\"wp-playlist-prev\"><\/div>\n\t<noscript>\n\t<ol>\n\t\t<li><a href='https:\/\/nicolas-hafner.com\/web\/wp-content\/uploads\/2018\/05\/Chris-Maldah-Une-autre-histoire.mp3'>Une autre histoire<\/a><\/li><li><a href='https:\/\/nicolas-hafner.com\/web\/wp-content\/uploads\/2018\/05\/DJ-le-suisse-Ca-va-ou-bien.mp3'>Ca va, o\u00f9 bien?<\/a><\/li><li><a href='https:\/\/nicolas-hafner.com\/web\/wp-content\/uploads\/2018\/05\/Gregoire-Dunant-CEst-toi-cEst-moi.mp3'>C&rsquo;est toi, c&rsquo;est moi<\/a><\/li><li><a href='https:\/\/nicolas-hafner.com\/web\/wp-content\/uploads\/2018\/05\/Jean-Lavaud-Les-Ecureuils-du-Mont-Royal.mp3'>Les Ecureuils du Mont Royal<\/a><\/li><li><a href='https:\/\/nicolas-hafner.com\/web\/wp-content\/uploads\/2018\/05\/Noam-et-Noemie-Les-Quatre-saisons.mp3'>Les Quatre saisons<\/a><\/li>\t<\/ol>\n\t<\/noscript>\n\t<script type=\"application\/json\" class=\"wp-playlist-script\">{\"type\":\"audio\",\"tracklist\":true,\"tracknumbers\":true,\"images\":true,\"artists\":true,\"tracks\":[{\"src\":\"https:\/\/nicolas-hafner.com\/web\/wp-content\/uploads\/2018\/05\/Chris-Maldah-Une-autre-histoire.mp3\",\"type\":\"audio\/mpeg\",\"title\":\"Une autre histoire\",\"caption\":\"\",\"description\":\"\\u003Ci\\u003EUne autre histoire\\u003C\/i\\u003E par CD aiff site NH 08.07. Piste 2 sur 6.\",\"meta\":{\"artist\":\"Chris Maldah\",\"length_formatted\":\"4:05\"},\"image\":{\"src\":\"https:\/\/nicolas-hafner.com\/web\/wp-includes\/images\/media\/audio.svg\",\"width\":48,\"height\":64},\"thumb\":{\"src\":\"https:\/\/nicolas-hafner.com\/web\/wp-includes\/images\/media\/audio.svg\",\"width\":48,\"height\":64}},{\"src\":\"https:\/\/nicolas-hafner.com\/web\/wp-content\/uploads\/2018\/05\/DJ-le-suisse-Ca-va-ou-bien.mp3\",\"type\":\"audio\/mpeg\",\"title\":\"Ca va, o\\u00f9 bien?\",\"caption\":\"\",\"description\":\"\\u003Ci\\u003ECa va, o\\u00f9 bien?\\u003C\/i\\u003E. Piste 2 sur 5.\",\"meta\":{\"artist\":\"DJ le Suisse\",\"length_formatted\":\"3:43\"},\"image\":{\"src\":\"https:\/\/nicolas-hafner.com\/web\/wp-includes\/images\/media\/audio.svg\",\"width\":48,\"height\":64},\"thumb\":{\"src\":\"https:\/\/nicolas-hafner.com\/web\/wp-includes\/images\/media\/audio.svg\",\"width\":48,\"height\":64}},{\"src\":\"https:\/\/nicolas-hafner.com\/web\/wp-content\/uploads\/2018\/05\/Gregoire-Dunant-CEst-toi-cEst-moi.mp3\",\"type\":\"audio\/mpeg\",\"title\":\"C'est toi, c'est moi\",\"caption\":\"\",\"description\":\"\",\"meta\":{\"artist\":\"Gr\\u00e9goire Dunant\",\"album\":\"Divers\",\"length_formatted\":\"3:35\"},\"image\":{\"src\":\"https:\/\/nicolas-hafner.com\/web\/wp-includes\/images\/media\/audio.svg\",\"width\":48,\"height\":64},\"thumb\":{\"src\":\"https:\/\/nicolas-hafner.com\/web\/wp-includes\/images\/media\/audio.svg\",\"width\":48,\"height\":64}},{\"src\":\"https:\/\/nicolas-hafner.com\/web\/wp-content\/uploads\/2018\/05\/Jean-Lavaud-Les-Ecureuils-du-Mont-Royal.mp3\",\"type\":\"audio\/mpeg\",\"title\":\"Les Ecureuils du Mont Royal\",\"caption\":\"\",\"description\":\"\\u003Ci\\u003EJean Lavaud: Les Ecureuils du Mont Royal\\u003C\/i\\u003E. Piste 1 sur 4.\",\"meta\":{\"artist\":\"Jean Lavaud\",\"length_formatted\":\"3:31\"},\"image\":{\"src\":\"https:\/\/nicolas-hafner.com\/web\/wp-includes\/images\/media\/audio.svg\",\"width\":48,\"height\":64},\"thumb\":{\"src\":\"https:\/\/nicolas-hafner.com\/web\/wp-includes\/images\/media\/audio.svg\",\"width\":48,\"height\":64}},{\"src\":\"https:\/\/nicolas-hafner.com\/web\/wp-content\/uploads\/2018\/05\/Noam-et-Noemie-Les-Quatre-saisons.mp3\",\"type\":\"audio\/mpeg\",\"title\":\"Les Quatre saisons\",\"caption\":\"\",\"description\":\"\",\"meta\":{\"artist\":\"Noam et No\\u00e9mie\",\"genre\":\"Pop\",\"length_formatted\":\"4:21\"},\"image\":{\"src\":\"https:\/\/nicolas-hafner.com\/web\/wp-includes\/images\/media\/audio.svg\",\"width\":48,\"height\":64},\"thumb\":{\"src\":\"https:\/\/nicolas-hafner.com\/web\/wp-includes\/images\/media\/audio.svg\",\"width\":48,\"height\":64}}]}<\/script>\n<\/div>\n\t<\/div>\n\t\t\t\t<\/div>\n\t\t\t\t\t\t\t<div class=\"elementor-accordion-item\">\n\t\t\t\t\t<div id=\"elementor-tab-title-1565\" class=\"elementor-tab-title\" data-tab=\"5\" role=\"button\" aria-controls=\"elementor-tab-content-1565\" aria-expanded=\"false\">\n\t\t\t\t\t\t\t\t\t\t\t\t\t<span class=\"elementor-accordion-icon elementor-accordion-icon-left\" aria-hidden=\"true\">\n\t\t\t\t\t\t\t\t\t\t\t\t\t\t\t<span class=\"elementor-accordion-icon-closed\"><i class=\"fas fa-music\"><\/i><\/span>\n\t\t\t\t\t\t\t\t<span class=\"elementor-accordion-icon-opened\"><i class=\"fas fa-music\"><\/i><\/span>\n\t\t\t\t\t\t\t\t\t\t\t\t\t\t<\/span>\n\t\t\t\t\t\t\t\t\t\t\t\t<a class=\"elementor-accordion-title\" tabindex=\"0\">Et pourquoi pas?<\/a>\n\t\t\t\t\t<\/div>\n\t\t\t\t\t<div id=\"elementor-tab-content-1565\" class=\"elementor-tab-content elementor-clearfix\" data-tab=\"5\" role=\"region\" aria-labelledby=\"elementor-tab-title-1565\"><p>Nicolas Hafner, qui signe ces musiques, \u00a0chante (Nicolas De Reine) sur des textes du producteur Michel Flores, accompagne la majestueuse Marielle Desbiolles (\u00ab\u00a0Au fil de l&rsquo;eau\u00a0\u00bb) et une incroyable chanteuse belge qui enregistra l&rsquo;inconnue en une seule prise apr\u00e8s l&rsquo;avoir entendue entre deux portes de studio!<br \/>On finit par le G\u00e9n\u00e9rique de fin!<\/p><div class=\"wp-playlist wp-audio-playlist wp-playlist-light\">\n\t\t\t<div class=\"wp-playlist-current-item\"><\/div>\n\t\t<audio controls=\"controls\" preload=\"none\" width=\"1178\"\n\t\t\t><\/audio>\n\t<div class=\"wp-playlist-next\"><\/div>\n\t<div class=\"wp-playlist-prev\"><\/div>\n\t<noscript>\n\t<ol>\n\t\t<li><a href='https:\/\/nicolas-hafner.com\/web\/wp-content\/uploads\/2018\/05\/01.-NH.-Mais-encore.mp3'>Mais encore<\/a><\/li><li><a href='https:\/\/nicolas-hafner.com\/web\/wp-content\/uploads\/2018\/05\/02.-NH.-Dans-la-lumiere-du-soir.mp3'>Dans la lumi\u00e8re du soir<\/a><\/li><li><a href='https:\/\/nicolas-hafner.com\/web\/wp-content\/uploads\/2018\/05\/03.-NH.-LInconnu.mp3'>L&rsquo;inconnu<\/a><\/li><li><a href='https:\/\/nicolas-hafner.com\/web\/wp-content\/uploads\/2018\/05\/04.-NH.-Au-fil-de-lEau.mp3'>Au fil de l&rsquo;eau<\/a><\/li><li><a href='https:\/\/nicolas-hafner.com\/web\/wp-content\/uploads\/2018\/05\/05.-NH.-Generique-TV.mp3'>G\u00e9n\u00e9rique TV<\/a><\/li>\t<\/ol>\n\t<\/noscript>\n\t<script type=\"application\/json\" class=\"wp-playlist-script\">{\"type\":\"audio\",\"tracklist\":true,\"tracknumbers\":true,\"images\":true,\"artists\":true,\"tracks\":[{\"src\":\"https:\/\/nicolas-hafner.com\/web\/wp-content\/uploads\/2018\/05\/01.-NH.-Mais-encore.mp3\",\"type\":\"audio\/mpeg\",\"title\":\"Mais encore\",\"caption\":\"\",\"description\":\"\\u003Ci\\u003EMais encore mp3\\u003C\/i\\u003E par CD aiff site NH 08.07. Piste 1 sur 2.\",\"meta\":{\"artist\":\"Nicolas Hafner\",\"length_formatted\":\"3:32\"},\"image\":{\"src\":\"https:\/\/nicolas-hafner.com\/web\/wp-includes\/images\/media\/audio.svg\",\"width\":48,\"height\":64},\"thumb\":{\"src\":\"https:\/\/nicolas-hafner.com\/web\/wp-includes\/images\/media\/audio.svg\",\"width\":48,\"height\":64}},{\"src\":\"https:\/\/nicolas-hafner.com\/web\/wp-content\/uploads\/2018\/05\/02.-NH.-Dans-la-lumiere-du-soir.mp3\",\"type\":\"audio\/mpeg\",\"title\":\"Dans la lumi\\u00e8re du soir\",\"caption\":\"\",\"description\":\"\",\"meta\":{\"artist\":\"Nicolas Hafner\",\"length_formatted\":\"3:18\"},\"image\":{\"src\":\"https:\/\/nicolas-hafner.com\/web\/wp-includes\/images\/media\/audio.svg\",\"width\":48,\"height\":64},\"thumb\":{\"src\":\"https:\/\/nicolas-hafner.com\/web\/wp-includes\/images\/media\/audio.svg\",\"width\":48,\"height\":64}},{\"src\":\"https:\/\/nicolas-hafner.com\/web\/wp-content\/uploads\/2018\/05\/03.-NH.-LInconnu.mp3\",\"type\":\"audio\/mpeg\",\"title\":\"L'inconnu\",\"caption\":\"\",\"description\":\"\",\"meta\":{\"artist\":\"Nicolas Hafner\",\"length_formatted\":\"3:43\"},\"image\":{\"src\":\"https:\/\/nicolas-hafner.com\/web\/wp-includes\/images\/media\/audio.svg\",\"width\":48,\"height\":64},\"thumb\":{\"src\":\"https:\/\/nicolas-hafner.com\/web\/wp-includes\/images\/media\/audio.svg\",\"width\":48,\"height\":64}},{\"src\":\"https:\/\/nicolas-hafner.com\/web\/wp-content\/uploads\/2018\/05\/04.-NH.-Au-fil-de-lEau.mp3\",\"type\":\"audio\/mpeg\",\"title\":\"Au fil de l'eau\",\"caption\":\"\",\"description\":\"\",\"meta\":{\"artist\":\"Nicolas Hafner\",\"length_formatted\":\"3:52\"},\"image\":{\"src\":\"https:\/\/nicolas-hafner.com\/web\/wp-includes\/images\/media\/audio.svg\",\"width\":48,\"height\":64},\"thumb\":{\"src\":\"https:\/\/nicolas-hafner.com\/web\/wp-includes\/images\/media\/audio.svg\",\"width\":48,\"height\":64}},{\"src\":\"https:\/\/nicolas-hafner.com\/web\/wp-content\/uploads\/2018\/05\/05.-NH.-Generique-TV.mp3\",\"type\":\"audio\/mpeg\",\"title\":\"G\\u00e9n\\u00e9rique TV\",\"caption\":\"\",\"description\":\"\",\"meta\":{\"artist\":\"Nicolas Hafner\",\"length_formatted\":\"1:22\"},\"image\":{\"src\":\"https:\/\/nicolas-hafner.com\/web\/wp-includes\/images\/media\/audio.svg\",\"width\":48,\"height\":64},\"thumb\":{\"src\":\"https:\/\/nicolas-hafner.com\/web\/wp-includes\/images\/media\/audio.svg\",\"width\":48,\"height\":64}}]}<\/script>\n<\/div>\n\t<\/div>\n\t\t\t\t<\/div>\n\t\t\t\t\t\t\t\t<\/div>\n\t\t\t\t\t\t<\/div>\n\t\t\t\t<\/div>\n\t\t\t\t\t<\/div>\n\t\t<\/div>\n\t\t\t\t\t<\/div>\n\t\t<\/section>\n\t\t\t\t<\/div>\n\t\t","protected":false},"excerpt":{"rendered":"<p>Fran\u00e7ois Maillard; \u00ab\u00a0Dr\u00f4le d&rsquo;\u00e9poque\u00a0\u00bb Une magnifique collaboration, en tant que r\u00e9alisateur et arrangeur, avec un artiste engag\u00e9, qui n&rsquo;a pas la plume dans sa poche. D&rsquo;\u00e9mouvantes descriptions de notre soci\u00e9t\u00e9, de ces personnages, sans concessions, avec franchise, avec \u00e9motion. Fran\u00e7ois Maillard est un po\u00e8te tendre et incisif. Salut Monsieur le clown Le vent du matin [&hellip;]<\/p>\n","protected":false},"author":1,"featured_media":0,"parent":4108,"menu_order":0,"comment_status":"closed","ping_status":"closed","template":"","meta":{"site-sidebar-layout":"default","site-content-layout":"default","ast-site-content-layout":"default","site-content-style":"default","site-sidebar-style":"default","ast-global-header-display":"","ast-banner-title-visibility":"","ast-main-header-display":"","ast-hfb-above-header-display":"","ast-hfb-below-header-display":"","ast-hfb-mobile-header-display":"","site-post-title":"","ast-breadcrumbs-content":"","ast-featured-img":"","footer-sml-layout":"","ast-disable-related-posts":"","theme-transparent-header-meta":"","adv-header-id-meta":"","stick-header-meta":"","header-above-stick-meta":"","header-main-stick-meta":"","header-below-stick-meta":"","astra-migrate-meta-layouts":"default","ast-page-background-enabled":"default","ast-page-background-meta":{"desktop":{"background-color":"","background-image":"","background-repeat":"repeat","background-position":"center center","background-size":"auto","background-attachment":"scroll","background-type":"","background-media":"","overlay-type":"","overlay-color":"","overlay-opacity":"","overlay-gradient":""},"tablet":{"background-color":"","background-image":"","background-repeat":"repeat","background-position":"center center","background-size":"auto","background-attachment":"scroll","background-type":"","background-media":"","overlay-type":"","overlay-color":"","overlay-opacity":"","overlay-gradient":""},"mobile":{"background-color":"","background-image":"","background-repeat":"repeat","background-position":"center center","background-size":"auto","background-attachment":"scroll","background-type":"","background-media":"","overlay-type":"","overlay-color":"","overlay-opacity":"","overlay-gradient":""}},"ast-content-background-meta":{"desktop":{"background-color":"var(--ast-global-color-5)","background-image":"","background-repeat":"repeat","background-position":"center center","background-size":"auto","background-attachment":"scroll","background-type":"","background-media":"","overlay-type":"","overlay-color":"","overlay-opacity":"","overlay-gradient":""},"tablet":{"background-color":"var(--ast-global-color-5)","background-image":"","background-repeat":"repeat","background-position":"center center","background-size":"auto","background-attachment":"scroll","background-type":"","background-media":"","overlay-type":"","overlay-color":"","overlay-opacity":"","overlay-gradient":""},"mobile":{"background-color":"var(--ast-global-color-5)","background-image":"","background-repeat":"repeat","background-position":"center center","background-size":"auto","background-attachment":"scroll","background-type":"","background-media":"","overlay-type":"","overlay-color":"","overlay-opacity":"","overlay-gradient":""}},"footnotes":""},"class_list":["post-842","page","type-page","status-publish","hentry"],"yoast_head":"<!-- This site is optimized with the Yoast SEO plugin v28.3 - https:\/\/yoast.com\/product\/yoast-seo-wordpress\/ -->\n<title>JukeBox Chansons - Nicolas Hafner<\/title>\n<meta name=\"robots\" content=\"index, follow, max-snippet:-1, max-image-preview:large, max-video-preview:-1\" \/>\n<link rel=\"canonical\" href=\"https:\/\/nicolas-hafner.com\/web\/index.php\/2018-2\/voir-ecouter\/chansons\/\" \/>\n<meta property=\"og:locale\" content=\"fr_FR\" \/>\n<meta property=\"og:type\" content=\"article\" \/>\n<meta property=\"og:title\" content=\"JukeBox Chansons - Nicolas Hafner\" \/>\n<meta property=\"og:description\" content=\"Fran\u00e7ois Maillard; \u00ab\u00a0Dr\u00f4le d&rsquo;\u00e9poque\u00a0\u00bb Une magnifique collaboration, en tant que r\u00e9alisateur et arrangeur, avec un artiste engag\u00e9, qui n&rsquo;a pas la plume dans sa poche. D&rsquo;\u00e9mouvantes descriptions de notre soci\u00e9t\u00e9, de ces personnages, sans concessions, avec franchise, avec \u00e9motion. Fran\u00e7ois Maillard est un po\u00e8te tendre et incisif. Salut Monsieur le clown Le vent du matin [&hellip;]\" \/>\n<meta property=\"og:url\" content=\"https:\/\/nicolas-hafner.com\/web\/index.php\/2018-2\/voir-ecouter\/chansons\/\" \/>\n<meta property=\"og:site_name\" content=\"Nicolas Hafner\" \/>\n<meta property=\"article:modified_time\" content=\"2025-08-12T13:46:23+00:00\" \/>\n<meta property=\"og:image\" content=\"https:\/\/nicolas-hafner.com\/web\/wp-content\/uploads\/2018\/05\/fourre_chansons_maillard-300x300.jpg\" \/>\n\t<meta property=\"og:image:width\" content=\"300\" \/>\n\t<meta property=\"og:image:height\" content=\"300\" \/>\n\t<meta property=\"og:image:type\" content=\"image\/jpeg\" \/>\n<meta name=\"twitter:card\" content=\"summary_large_image\" \/>\n<meta name=\"twitter:label1\" content=\"Dur\u00e9e de lecture estim\u00e9e\" \/>\n\t<meta name=\"twitter:data1\" content=\"3 minutes\" \/>\n<script type=\"application\/ld+json\" class=\"yoast-schema-graph\">{\"@context\":\"https:\\\/\\\/schema.org\",\"@graph\":[{\"@type\":\"WebPage\",\"@id\":\"https:\\\/\\\/nicolas-hafner.com\\\/web\\\/index.php\\\/2018-2\\\/voir-ecouter\\\/chansons\\\/\",\"url\":\"https:\\\/\\\/nicolas-hafner.com\\\/web\\\/index.php\\\/2018-2\\\/voir-ecouter\\\/chansons\\\/\",\"name\":\"JukeBox Chansons - Nicolas Hafner\",\"isPartOf\":{\"@id\":\"https:\\\/\\\/nicolas-hafner.com\\\/web\\\/#website\"},\"primaryImageOfPage\":{\"@id\":\"https:\\\/\\\/nicolas-hafner.com\\\/web\\\/index.php\\\/2018-2\\\/voir-ecouter\\\/chansons\\\/#primaryimage\"},\"image\":{\"@id\":\"https:\\\/\\\/nicolas-hafner.com\\\/web\\\/index.php\\\/2018-2\\\/voir-ecouter\\\/chansons\\\/#primaryimage\"},\"thumbnailUrl\":\"http:\\\/\\\/nicolas-hafner.com\\\/web\\\/wp-content\\\/uploads\\\/2018\\\/05\\\/fourre_chansons_maillard-300x300-150x150.jpg\",\"datePublished\":\"2013-04-01T15:38:57+00:00\",\"dateModified\":\"2025-08-12T13:46:23+00:00\",\"breadcrumb\":{\"@id\":\"https:\\\/\\\/nicolas-hafner.com\\\/web\\\/index.php\\\/2018-2\\\/voir-ecouter\\\/chansons\\\/#breadcrumb\"},\"inLanguage\":\"fr-FR\",\"potentialAction\":[{\"@type\":\"ReadAction\",\"target\":[\"https:\\\/\\\/nicolas-hafner.com\\\/web\\\/index.php\\\/2018-2\\\/voir-ecouter\\\/chansons\\\/\"]}]},{\"@type\":\"ImageObject\",\"inLanguage\":\"fr-FR\",\"@id\":\"https:\\\/\\\/nicolas-hafner.com\\\/web\\\/index.php\\\/2018-2\\\/voir-ecouter\\\/chansons\\\/#primaryimage\",\"url\":\"https:\\\/\\\/nicolas-hafner.com\\\/web\\\/wp-content\\\/uploads\\\/2018\\\/05\\\/fourre_chansons_maillard-300x300.jpg\",\"contentUrl\":\"https:\\\/\\\/nicolas-hafner.com\\\/web\\\/wp-content\\\/uploads\\\/2018\\\/05\\\/fourre_chansons_maillard-300x300.jpg\",\"width\":300,\"height\":300},{\"@type\":\"BreadcrumbList\",\"@id\":\"https:\\\/\\\/nicolas-hafner.com\\\/web\\\/index.php\\\/2018-2\\\/voir-ecouter\\\/chansons\\\/#breadcrumb\",\"itemListElement\":[{\"@type\":\"ListItem\",\"position\":1,\"name\":\"Home\",\"item\":\"https:\\\/\\\/nicolas-hafner.com\\\/web\\\/\"},{\"@type\":\"ListItem\",\"position\":2,\"name\":\"2018\",\"item\":\"https:\\\/\\\/nicolas-hafner.com\\\/web\\\/index.php\\\/2018-2\\\/\"},{\"@type\":\"ListItem\",\"position\":3,\"name\":\"Voir &#038; \u00e9couter\",\"item\":\"https:\\\/\\\/nicolas-hafner.com\\\/web\\\/index.php\\\/2018-2\\\/voir-ecouter\\\/\"},{\"@type\":\"ListItem\",\"position\":4,\"name\":\"JukeBox Chansons\"}]},{\"@type\":\"WebSite\",\"@id\":\"https:\\\/\\\/nicolas-hafner.com\\\/web\\\/#website\",\"url\":\"https:\\\/\\\/nicolas-hafner.com\\\/web\\\/\",\"name\":\"Nicolas Hafner\",\"description\":\"&quot;Venez respirer un peu de musique!&quot;\",\"publisher\":{\"@id\":\"https:\\\/\\\/nicolas-hafner.com\\\/web\\\/#organization\"},\"potentialAction\":[{\"@type\":\"SearchAction\",\"target\":{\"@type\":\"EntryPoint\",\"urlTemplate\":\"https:\\\/\\\/nicolas-hafner.com\\\/web\\\/?s={search_term_string}\"},\"query-input\":{\"@type\":\"PropertyValueSpecification\",\"valueRequired\":true,\"valueName\":\"search_term_string\"}}],\"inLanguage\":\"fr-FR\"},{\"@type\":\"Organization\",\"@id\":\"https:\\\/\\\/nicolas-hafner.com\\\/web\\\/#organization\",\"name\":\"Nicolas Hafner\",\"url\":\"https:\\\/\\\/nicolas-hafner.com\\\/web\\\/\",\"logo\":{\"@type\":\"ImageObject\",\"inLanguage\":\"fr-FR\",\"@id\":\"https:\\\/\\\/nicolas-hafner.com\\\/web\\\/#\\\/schema\\\/logo\\\/image\\\/\",\"url\":\"https:\\\/\\\/nicolas-hafner.com\\\/web\\\/wp-content\\\/uploads\\\/2018\\\/11\\\/new_NH.png\",\"contentUrl\":\"https:\\\/\\\/nicolas-hafner.com\\\/web\\\/wp-content\\\/uploads\\\/2018\\\/11\\\/new_NH.png\",\"width\":1677,\"height\":1677,\"caption\":\"Nicolas Hafner\"},\"image\":{\"@id\":\"https:\\\/\\\/nicolas-hafner.com\\\/web\\\/#\\\/schema\\\/logo\\\/image\\\/\"}}]}<\/script>\n<!-- \/ Yoast SEO plugin. -->","yoast_head_json":{"title":"JukeBox Chansons - Nicolas Hafner","robots":{"index":"index","follow":"follow","max-snippet":"max-snippet:-1","max-image-preview":"max-image-preview:large","max-video-preview":"max-video-preview:-1"},"canonical":"https:\/\/nicolas-hafner.com\/web\/index.php\/2018-2\/voir-ecouter\/chansons\/","og_locale":"fr_FR","og_type":"article","og_title":"JukeBox Chansons - Nicolas Hafner","og_description":"Fran\u00e7ois Maillard; \u00ab\u00a0Dr\u00f4le d&rsquo;\u00e9poque\u00a0\u00bb Une magnifique collaboration, en tant que r\u00e9alisateur et arrangeur, avec un artiste engag\u00e9, qui n&rsquo;a pas la plume dans sa poche. D&rsquo;\u00e9mouvantes descriptions de notre soci\u00e9t\u00e9, de ces personnages, sans concessions, avec franchise, avec \u00e9motion. Fran\u00e7ois Maillard est un po\u00e8te tendre et incisif. Salut Monsieur le clown Le vent du matin [&hellip;]","og_url":"https:\/\/nicolas-hafner.com\/web\/index.php\/2018-2\/voir-ecouter\/chansons\/","og_site_name":"Nicolas Hafner","article_modified_time":"2025-08-12T13:46:23+00:00","og_image":[{"width":300,"height":300,"url":"https:\/\/nicolas-hafner.com\/web\/wp-content\/uploads\/2018\/05\/fourre_chansons_maillard-300x300.jpg","type":"image\/jpeg"}],"twitter_card":"summary_large_image","twitter_misc":{"Dur\u00e9e de lecture estim\u00e9e":"3 minutes"},"schema":{"@context":"https:\/\/schema.org","@graph":[{"@type":"WebPage","@id":"https:\/\/nicolas-hafner.com\/web\/index.php\/2018-2\/voir-ecouter\/chansons\/","url":"https:\/\/nicolas-hafner.com\/web\/index.php\/2018-2\/voir-ecouter\/chansons\/","name":"JukeBox Chansons - Nicolas Hafner","isPartOf":{"@id":"https:\/\/nicolas-hafner.com\/web\/#website"},"primaryImageOfPage":{"@id":"https:\/\/nicolas-hafner.com\/web\/index.php\/2018-2\/voir-ecouter\/chansons\/#primaryimage"},"image":{"@id":"https:\/\/nicolas-hafner.com\/web\/index.php\/2018-2\/voir-ecouter\/chansons\/#primaryimage"},"thumbnailUrl":"http:\/\/nicolas-hafner.com\/web\/wp-content\/uploads\/2018\/05\/fourre_chansons_maillard-300x300-150x150.jpg","datePublished":"2013-04-01T15:38:57+00:00","dateModified":"2025-08-12T13:46:23+00:00","breadcrumb":{"@id":"https:\/\/nicolas-hafner.com\/web\/index.php\/2018-2\/voir-ecouter\/chansons\/#breadcrumb"},"inLanguage":"fr-FR","potentialAction":[{"@type":"ReadAction","target":["https:\/\/nicolas-hafner.com\/web\/index.php\/2018-2\/voir-ecouter\/chansons\/"]}]},{"@type":"ImageObject","inLanguage":"fr-FR","@id":"https:\/\/nicolas-hafner.com\/web\/index.php\/2018-2\/voir-ecouter\/chansons\/#primaryimage","url":"https:\/\/nicolas-hafner.com\/web\/wp-content\/uploads\/2018\/05\/fourre_chansons_maillard-300x300.jpg","contentUrl":"https:\/\/nicolas-hafner.com\/web\/wp-content\/uploads\/2018\/05\/fourre_chansons_maillard-300x300.jpg","width":300,"height":300},{"@type":"BreadcrumbList","@id":"https:\/\/nicolas-hafner.com\/web\/index.php\/2018-2\/voir-ecouter\/chansons\/#breadcrumb","itemListElement":[{"@type":"ListItem","position":1,"name":"Home","item":"https:\/\/nicolas-hafner.com\/web\/"},{"@type":"ListItem","position":2,"name":"2018","item":"https:\/\/nicolas-hafner.com\/web\/index.php\/2018-2\/"},{"@type":"ListItem","position":3,"name":"Voir &#038; \u00e9couter","item":"https:\/\/nicolas-hafner.com\/web\/index.php\/2018-2\/voir-ecouter\/"},{"@type":"ListItem","position":4,"name":"JukeBox Chansons"}]},{"@type":"WebSite","@id":"https:\/\/nicolas-hafner.com\/web\/#website","url":"https:\/\/nicolas-hafner.com\/web\/","name":"Nicolas Hafner","description":"&quot;Venez respirer un peu de musique!&quot;","publisher":{"@id":"https:\/\/nicolas-hafner.com\/web\/#organization"},"potentialAction":[{"@type":"SearchAction","target":{"@type":"EntryPoint","urlTemplate":"https:\/\/nicolas-hafner.com\/web\/?s={search_term_string}"},"query-input":{"@type":"PropertyValueSpecification","valueRequired":true,"valueName":"search_term_string"}}],"inLanguage":"fr-FR"},{"@type":"Organization","@id":"https:\/\/nicolas-hafner.com\/web\/#organization","name":"Nicolas Hafner","url":"https:\/\/nicolas-hafner.com\/web\/","logo":{"@type":"ImageObject","inLanguage":"fr-FR","@id":"https:\/\/nicolas-hafner.com\/web\/#\/schema\/logo\/image\/","url":"https:\/\/nicolas-hafner.com\/web\/wp-content\/uploads\/2018\/11\/new_NH.png","contentUrl":"https:\/\/nicolas-hafner.com\/web\/wp-content\/uploads\/2018\/11\/new_NH.png","width":1677,"height":1677,"caption":"Nicolas Hafner"},"image":{"@id":"https:\/\/nicolas-hafner.com\/web\/#\/schema\/logo\/image\/"}}]}},"jetpack_sharing_enabled":true,"jetpack_shortlink":"https:\/\/wp.me\/P9Y1OF-dA","_links":{"self":[{"href":"https:\/\/nicolas-hafner.com\/web\/index.php\/wp-json\/wp\/v2\/pages\/842","targetHints":{"allow":["GET"]}}],"collection":[{"href":"https:\/\/nicolas-hafner.com\/web\/index.php\/wp-json\/wp\/v2\/pages"}],"about":[{"href":"https:\/\/nicolas-hafner.com\/web\/index.php\/wp-json\/wp\/v2\/types\/page"}],"author":[{"embeddable":true,"href":"https:\/\/nicolas-hafner.com\/web\/index.php\/wp-json\/wp\/v2\/users\/1"}],"replies":[{"embeddable":true,"href":"https:\/\/nicolas-hafner.com\/web\/index.php\/wp-json\/wp\/v2\/comments?post=842"}],"version-history":[{"count":20,"href":"https:\/\/nicolas-hafner.com\/web\/index.php\/wp-json\/wp\/v2\/pages\/842\/revisions"}],"predecessor-version":[{"id":4855,"href":"https:\/\/nicolas-hafner.com\/web\/index.php\/wp-json\/wp\/v2\/pages\/842\/revisions\/4855"}],"up":[{"embeddable":true,"href":"https:\/\/nicolas-hafner.com\/web\/index.php\/wp-json\/wp\/v2\/pages\/4108"}],"wp:attachment":[{"href":"https:\/\/nicolas-hafner.com\/web\/index.php\/wp-json\/wp\/v2\/media?parent=842"}],"curies":[{"name":"wp","href":"https:\/\/api.w.org\/{rel}","templated":true}]}}