{"id":3830,"date":"2018-06-03T11:21:54","date_gmt":"2018-06-03T11:21:54","guid":{"rendered":"http:\/\/nicolas-hafner.com\/web\/?page_id=3830"},"modified":"2025-08-12T13:49:36","modified_gmt":"2025-08-12T13:49:36","slug":"juke-box-swisstet","status":"publish","type":"page","link":"https:\/\/nicolas-hafner.com\/web\/index.php\/2018-2\/voir-ecouter\/juke-box-swisstet\/","title":{"rendered":"Juke-Box Swisstet"},"content":{"rendered":"\t\t<div data-elementor-type=\"wp-post\" data-elementor-id=\"3830\" class=\"elementor elementor-3830\" data-elementor-post-type=\"page\">\n\t\t\t\t\t\t<section class=\"elementor-section elementor-top-section elementor-element elementor-element-b8ee80b elementor-section-boxed elementor-section-height-default elementor-section-height-default\" data-id=\"b8ee80b\" data-element_type=\"section\" data-e-type=\"section\">\n\t\t\t\t\t\t<div class=\"elementor-container elementor-column-gap-default\">\n\t\t\t\t\t<div class=\"elementor-column elementor-col-100 elementor-top-column elementor-element elementor-element-445f9dc\" data-id=\"445f9dc\" data-element_type=\"column\" data-e-type=\"column\">\n\t\t\t<div class=\"elementor-widget-wrap elementor-element-populated\">\n\t\t\t\t\t\t<div class=\"elementor-element elementor-element-470c619 elementor-widget elementor-widget-text-editor\" data-id=\"470c619\" data-element_type=\"widget\" data-e-type=\"widget\" data-widget_type=\"text-editor.default\">\n\t\t\t\t<div class=\"elementor-widget-container\">\n\t\t\t\t\t\t\t\t\t<p>En 1991, trois amis musiciens, Jean-Luc Lavanchy, Robert Roethlisberger et Nicolas Hafner, d\u00e9cident de fonder le \u00ab\u00a0SWISSTET.<br \/>Ils enregistrent un premier album fin 1991 avec des arrangements de chansons suisses en jazz,\u00a0<strong>\u00ab\u00a0My Swiss Standards\u00a0\u00bb.<\/strong><br \/>Ce projet rencontre imm\u00e9diatement un beau succ\u00e8s et sera suivi de deux autres albums,\u00a0<strong>\u00ab\u00a0Christmas Standards\u00a0\u00bb<\/strong>\u00a0et\u00a0<strong>\u00ab\u00a0Les Standards de Fugain\u00a0\u00bb.<\/strong><br \/>De 1992 \u00e0 1996, le SWISSTET se produit sur de tr\u00e8s belles sc\u00e8nes, en Suisse (Festival de Montreux) ou \u00e0 l\u2019\u00e9tranger (Los Angeles, Detroit, Atlanta, Chicago, New-York, Washington, Montr\u00e9al, Qu\u00e9bec).<\/p>\t\t\t\t\t\t\t\t<\/div>\n\t\t\t\t<\/div>\n\t\t\t\t\t<\/div>\n\t\t<\/div>\n\t\t\t\t\t<\/div>\n\t\t<\/section>\n\t\t\t\t<section class=\"elementor-section elementor-top-section elementor-element elementor-element-8093188 elementor-section-boxed elementor-section-height-default elementor-section-height-default\" data-id=\"8093188\" data-element_type=\"section\" data-e-type=\"section\">\n\t\t\t\t\t\t<div class=\"elementor-container elementor-column-gap-default\">\n\t\t\t\t\t<div class=\"elementor-column elementor-col-33 elementor-top-column elementor-element elementor-element-f3c273d\" data-id=\"f3c273d\" data-element_type=\"column\" data-e-type=\"column\">\n\t\t\t<div class=\"elementor-widget-wrap elementor-element-populated\">\n\t\t\t\t\t\t<div class=\"elementor-element elementor-element-ee41008 elementor-nav-menu--dropdown-tablet elementor-nav-menu__text-align-aside elementor-nav-menu--toggle elementor-nav-menu--burger elementor-widget elementor-widget-nav-menu\" data-id=\"ee41008\" data-element_type=\"widget\" data-e-type=\"widget\" data-settings=\"{&quot;layout&quot;:&quot;vertical&quot;,&quot;submenu_icon&quot;:{&quot;value&quot;:&quot;&lt;i class=\\&quot;fas fa-caret-down\\&quot; aria-hidden=\\&quot;true\\&quot;&gt;&lt;\\\/i&gt;&quot;,&quot;library&quot;:&quot;fa-solid&quot;},&quot;toggle&quot;:&quot;burger&quot;}\" data-widget_type=\"nav-menu.default\">\n\t\t\t\t<div class=\"elementor-widget-container\">\n\t\t\t\t\t\t\t\t<nav aria-label=\"Menu\" class=\"elementor-nav-menu--main elementor-nav-menu__container elementor-nav-menu--layout-vertical e--pointer-underline e--animation-fade\">\n\t\t\t\t<ul id=\"menu-1-ee41008\" class=\"elementor-nav-menu sm-vertical\"><li class=\"menu-item menu-item-type-post_type menu-item-object-page menu-item-3712\"><a href=\"https:\/\/nicolas-hafner.com\/web\/index.php\/2018-2\/voir-ecouter\/chansons\/\" class=\"elementor-item menu-link\">Juke-Box Chansons<\/a><\/li>\n<li class=\"menu-item menu-item-type-post_type menu-item-object-page menu-item-3716\"><a href=\"https:\/\/nicolas-hafner.com\/web\/index.php\/2018-2\/voir-ecouter\/jazz\/\" class=\"elementor-item menu-link\">JukeBox Jazz<\/a><\/li>\n<li class=\"menu-item menu-item-type-post_type menu-item-object-page menu-item-3715\"><a href=\"https:\/\/nicolas-hafner.com\/web\/index.php\/2018-2\/voir-ecouter\/orgue\/\" class=\"elementor-item menu-link\">JukeBox Orgue<\/a><\/li>\n<li class=\"menu-item menu-item-type-post_type menu-item-object-page menu-item-3832\"><a href=\"https:\/\/nicolas-hafner.com\/web\/index.php\/2018-2\/voir-ecouter\/juke-box-swisstet\/\" class=\"elementor-item menu-link\">Juke-Box Swisstet<\/a><\/li>\n<li class=\"menu-item menu-item-type-post_type menu-item-object-page menu-item-3717\"><a href=\"https:\/\/nicolas-hafner.com\/web\/index.php\/2018-2\/voir-ecouter\/jukebox-piano-2\/\" class=\"elementor-item menu-link\">Juke-Box Piano<\/a><\/li>\n<li class=\"menu-item menu-item-type-post_type menu-item-object-page menu-item-4319\"><a href=\"https:\/\/nicolas-hafner.com\/web\/index.php\/2018-2\/voir-ecouter\/juke-box-lessentiel\/\" class=\"elementor-item menu-link\">Juke-Box L&rsquo;Essentiel<\/a><\/li>\n<\/ul>\t\t\t<\/nav>\n\t\t\t\t\t<div class=\"elementor-menu-toggle\" role=\"button\" tabindex=\"0\" aria-label=\"Permuter le menu\" aria-expanded=\"false\">\n\t\t\t<i aria-hidden=\"true\" role=\"presentation\" class=\"elementor-menu-toggle__icon--open eicon-menu-bar\"><\/i><i aria-hidden=\"true\" role=\"presentation\" class=\"elementor-menu-toggle__icon--close eicon-close\"><\/i>\t\t<\/div>\n\t\t\t\t\t<nav class=\"elementor-nav-menu--dropdown elementor-nav-menu__container\" aria-hidden=\"true\">\n\t\t\t\t<ul id=\"menu-2-ee41008\" class=\"elementor-nav-menu sm-vertical\"><li class=\"menu-item menu-item-type-post_type menu-item-object-page menu-item-3712\"><a href=\"https:\/\/nicolas-hafner.com\/web\/index.php\/2018-2\/voir-ecouter\/chansons\/\" class=\"elementor-item menu-link\" tabindex=\"-1\">Juke-Box Chansons<\/a><\/li>\n<li class=\"menu-item menu-item-type-post_type menu-item-object-page menu-item-3716\"><a href=\"https:\/\/nicolas-hafner.com\/web\/index.php\/2018-2\/voir-ecouter\/jazz\/\" class=\"elementor-item menu-link\" tabindex=\"-1\">JukeBox Jazz<\/a><\/li>\n<li class=\"menu-item menu-item-type-post_type menu-item-object-page menu-item-3715\"><a href=\"https:\/\/nicolas-hafner.com\/web\/index.php\/2018-2\/voir-ecouter\/orgue\/\" class=\"elementor-item menu-link\" tabindex=\"-1\">JukeBox Orgue<\/a><\/li>\n<li class=\"menu-item menu-item-type-post_type menu-item-object-page menu-item-3832\"><a href=\"https:\/\/nicolas-hafner.com\/web\/index.php\/2018-2\/voir-ecouter\/juke-box-swisstet\/\" class=\"elementor-item menu-link\" tabindex=\"-1\">Juke-Box Swisstet<\/a><\/li>\n<li class=\"menu-item menu-item-type-post_type menu-item-object-page menu-item-3717\"><a href=\"https:\/\/nicolas-hafner.com\/web\/index.php\/2018-2\/voir-ecouter\/jukebox-piano-2\/\" class=\"elementor-item menu-link\" tabindex=\"-1\">Juke-Box Piano<\/a><\/li>\n<li class=\"menu-item menu-item-type-post_type menu-item-object-page menu-item-4319\"><a href=\"https:\/\/nicolas-hafner.com\/web\/index.php\/2018-2\/voir-ecouter\/juke-box-lessentiel\/\" class=\"elementor-item menu-link\" tabindex=\"-1\">Juke-Box L&rsquo;Essentiel<\/a><\/li>\n<\/ul>\t\t\t<\/nav>\n\t\t\t\t\t\t<\/div>\n\t\t\t\t<\/div>\n\t\t\t\t\t<\/div>\n\t\t<\/div>\n\t\t\t\t<div class=\"elementor-column elementor-col-66 elementor-top-column elementor-element elementor-element-71ab15b\" data-id=\"71ab15b\" data-element_type=\"column\" data-e-type=\"column\">\n\t\t\t<div class=\"elementor-widget-wrap elementor-element-populated\">\n\t\t\t\t\t\t<div class=\"elementor-element elementor-element-98fe646 elementor-widget elementor-widget-accordion\" data-id=\"98fe646\" data-element_type=\"widget\" data-e-type=\"widget\" data-widget_type=\"accordion.default\">\n\t\t\t\t<div class=\"elementor-widget-container\">\n\t\t\t\t\t\t\t<div class=\"elementor-accordion\">\n\t\t\t\t\t\t\t<div class=\"elementor-accordion-item\">\n\t\t\t\t\t<div id=\"elementor-tab-title-1601\" class=\"elementor-tab-title\" data-tab=\"1\" role=\"button\" aria-controls=\"elementor-tab-content-1601\" aria-expanded=\"false\">\n\t\t\t\t\t\t\t\t\t\t\t\t\t<span class=\"elementor-accordion-icon elementor-accordion-icon-left\" aria-hidden=\"true\">\n\t\t\t\t\t\t\t\t\t\t\t\t\t\t\t<span class=\"elementor-accordion-icon-closed\"><i class=\"fas fa-music\"><\/i><\/span>\n\t\t\t\t\t\t\t\t<span class=\"elementor-accordion-icon-opened\"><i class=\"fas fa-music\"><\/i><\/span>\n\t\t\t\t\t\t\t\t\t\t\t\t\t\t<\/span>\n\t\t\t\t\t\t\t\t\t\t\t\t<a class=\"elementor-accordion-title\" tabindex=\"0\">SWISSTET \u2013 My Swiss Standards<\/a>\n\t\t\t\t\t<\/div>\n\t\t\t\t\t<div id=\"elementor-tab-content-1601\" class=\"elementor-tab-content elementor-clearfix\" data-tab=\"1\" role=\"region\" aria-labelledby=\"elementor-tab-title-1601\"><p><img fetchpriority=\"high\" decoding=\"async\" class=\"alignnone size-full wp-image-2002\" src=\"http:\/\/nicolas-hafner.com\/web\/wp-content\/uploads\/2013\/05\/SWISSTET_1_Fourre_CD-300x300.jpg\" alt=\"\" width=\"300\" height=\"300\" srcset=\"https:\/\/nicolas-hafner.com\/web\/wp-content\/uploads\/2013\/05\/SWISSTET_1_Fourre_CD-300x300.jpg 300w, https:\/\/nicolas-hafner.com\/web\/wp-content\/uploads\/2013\/05\/SWISSTET_1_Fourre_CD-300x300-150x150.jpg 150w, https:\/\/nicolas-hafner.com\/web\/wp-content\/uploads\/2013\/05\/SWISSTET_1_Fourre_CD-300x300-100x100.jpg 100w\" sizes=\"(max-width: 300px) 100vw, 300px\" \/><\/p><div class=\"wp-playlist wp-audio-playlist wp-playlist-light\">\n\t\t\t<div class=\"wp-playlist-current-item\"><\/div>\n\t\t<audio controls=\"controls\" preload=\"none\" width=\"1178\"\n\t\t\t><\/audio>\n\t<div class=\"wp-playlist-next\"><\/div>\n\t<div class=\"wp-playlist-prev\"><\/div>\n\t<noscript>\n\t<ol>\n\t\t<li><a href='https:\/\/nicolas-hafner.com\/web\/wp-content\/uploads\/2013\/08\/01-Tout-Simplement.mp3'>01-Tout Simplement<\/a><\/li><li><a href='https:\/\/nicolas-hafner.com\/web\/wp-content\/uploads\/2013\/08\/02-La-Priere-Patriotique.mp3'>02-La Pri\u00e8re Patriotique<\/a><\/li><li><a href='https:\/\/nicolas-hafner.com\/web\/wp-content\/uploads\/2013\/08\/03-Le-Vieux-Chalet.mp3'>03-Le Vieux Chalet<\/a><\/li><li><a href='https:\/\/nicolas-hafner.com\/web\/wp-content\/uploads\/2013\/08\/04-Colchiques-Dans-Les-Pres.mp3'>04-Colchiques Dans Les Pr\u00e9s<\/a><\/li><li><a href='https:\/\/nicolas-hafner.com\/web\/wp-content\/uploads\/2013\/08\/05-Loiselet-A-Quitte-Sa-Branche.mp3'>05-L&#039;oiselet A Quitt\u00e9 Sa Branche<\/a><\/li><li><a href='https:\/\/nicolas-hafner.com\/web\/wp-content\/uploads\/2013\/08\/06-Le-Chagrin-De-Madeleine.mp3'>06-Le Chagrin De Madeleine<\/a><\/li><li><a href='https:\/\/nicolas-hafner.com\/web\/wp-content\/uploads\/2013\/08\/07-Cantique-Suisse.mp3'>07-Cantique Suisse<\/a><\/li><li><a href='https:\/\/nicolas-hafner.com\/web\/wp-content\/uploads\/2013\/08\/08-Ce-Que-Laino.mp3'>08-Ce Qu&#039;e L&#039;aino<\/a><\/li><li><a href='https:\/\/nicolas-hafner.com\/web\/wp-content\/uploads\/2013\/08\/09-La-Suisse-Est-Belle.mp3'>09-La Suisse Est Belle<\/a><\/li><li><a href='https:\/\/nicolas-hafner.com\/web\/wp-content\/uploads\/2013\/08\/10-O-Monts-Independants.mp3'>10-O Monts Ind\u00e9pendants<\/a><\/li><li><a href='https:\/\/nicolas-hafner.com\/web\/wp-content\/uploads\/2013\/08\/11-La-Ronde-Des-Saisons.mp3'>11-La Ronde Des Saisons<\/a><\/li><li><a href='https:\/\/nicolas-hafner.com\/web\/wp-content\/uploads\/2013\/08\/12-La-Ronde-Des-Petits-Nains.mp3'>12-La Ronde Des Petits Nains<\/a><\/li><li><a href='https:\/\/nicolas-hafner.com\/web\/wp-content\/uploads\/2013\/08\/13-Generique.mp3'>13-G\u00e9n\u00e9rique<\/a><\/li>\t<\/ol>\n\t<\/noscript>\n\t<script type=\"application\/json\" class=\"wp-playlist-script\">{\"type\":\"audio\",\"tracklist\":true,\"tracknumbers\":true,\"images\":true,\"artists\":true,\"tracks\":[{\"src\":\"https:\/\/nicolas-hafner.com\/web\/wp-content\/uploads\/2013\/08\/01-Tout-Simplement.mp3\",\"type\":\"audio\/mpeg\",\"title\":\"01-Tout Simplement\",\"caption\":\"\",\"description\":\"\\u003Ci\\u003ETout Simplement\\u003C\/i\\u003E tir\\u00e9 de \\u003Ci\\u003EMy Swiss Standards\\u003C\/i\\u003E par Swisstet. Date de sortie\\u00a0: 1992. Piste 1 sur 13. Genre\\u00a0: Jazz\",\"meta\":{\"artist\":\"Swisstet\",\"album\":\"My Swiss Standards\",\"genre\":\"Jazz\",\"year\":\"1992\",\"length_formatted\":\"4:36\"},\"image\":{\"src\":\"https:\/\/nicolas-hafner.com\/web\/wp-includes\/images\/media\/audio.svg\",\"width\":48,\"height\":64},\"thumb\":{\"src\":\"https:\/\/nicolas-hafner.com\/web\/wp-includes\/images\/media\/audio.svg\",\"width\":48,\"height\":64}},{\"src\":\"https:\/\/nicolas-hafner.com\/web\/wp-content\/uploads\/2013\/08\/02-La-Priere-Patriotique.mp3\",\"type\":\"audio\/mpeg\",\"title\":\"02-La Pri\\u00e8re Patriotique\",\"caption\":\"\",\"description\":\"\\u003Ci\\u003ELa Pri\\u00e8re Patriotique\\u003C\/i\\u003E tir\\u00e9 de \\u003Ci\\u003EMy Swiss Standards\\u003C\/i\\u003E par Swisstet. Date de sortie\\u00a0: 1992. Piste 2 sur 13. Genre\\u00a0: Jazz\",\"meta\":{\"artist\":\"Swisstet\",\"album\":\"My Swiss Standards\",\"genre\":\"Jazz\",\"year\":\"1992\",\"length_formatted\":\"4:42\"},\"image\":{\"src\":\"https:\/\/nicolas-hafner.com\/web\/wp-includes\/images\/media\/audio.svg\",\"width\":48,\"height\":64},\"thumb\":{\"src\":\"https:\/\/nicolas-hafner.com\/web\/wp-includes\/images\/media\/audio.svg\",\"width\":48,\"height\":64}},{\"src\":\"https:\/\/nicolas-hafner.com\/web\/wp-content\/uploads\/2013\/08\/03-Le-Vieux-Chalet.mp3\",\"type\":\"audio\/mpeg\",\"title\":\"03-Le Vieux Chalet\",\"caption\":\"\",\"description\":\"\\u003Ci\\u003ELe Vieux Chalet\\u003C\/i\\u003E tir\\u00e9 de \\u003Ci\\u003EMy Swiss Standards\\u003C\/i\\u003E par Swisstet. Date de sortie\\u00a0: 1992. Piste 3 sur 13. Genre\\u00a0: Jazz\",\"meta\":{\"artist\":\"Swisstet\",\"album\":\"My Swiss Standards\",\"genre\":\"Jazz\",\"year\":\"1992\",\"length_formatted\":\"5:22\"},\"image\":{\"src\":\"https:\/\/nicolas-hafner.com\/web\/wp-includes\/images\/media\/audio.svg\",\"width\":48,\"height\":64},\"thumb\":{\"src\":\"https:\/\/nicolas-hafner.com\/web\/wp-includes\/images\/media\/audio.svg\",\"width\":48,\"height\":64}},{\"src\":\"https:\/\/nicolas-hafner.com\/web\/wp-content\/uploads\/2013\/08\/04-Colchiques-Dans-Les-Pres.mp3\",\"type\":\"audio\/mpeg\",\"title\":\"04-Colchiques Dans Les Pr\\u00e9s\",\"caption\":\"\",\"description\":\"\\u003Ci\\u003EColchiques Dans Les Pr\\u00e9s\\u003C\/i\\u003E tir\\u00e9 de \\u003Ci\\u003EMy Swiss Standards\\u003C\/i\\u003E par Swisstet. Date de sortie\\u00a0: 1992. Piste 4 sur 13. Genre\\u00a0: Jazz\",\"meta\":{\"artist\":\"Swisstet\",\"album\":\"My Swiss Standards\",\"genre\":\"Jazz\",\"year\":\"1992\",\"length_formatted\":\"3:26\"},\"image\":{\"src\":\"https:\/\/nicolas-hafner.com\/web\/wp-includes\/images\/media\/audio.svg\",\"width\":48,\"height\":64},\"thumb\":{\"src\":\"https:\/\/nicolas-hafner.com\/web\/wp-includes\/images\/media\/audio.svg\",\"width\":48,\"height\":64}},{\"src\":\"https:\/\/nicolas-hafner.com\/web\/wp-content\/uploads\/2013\/08\/05-Loiselet-A-Quitte-Sa-Branche.mp3\",\"type\":\"audio\/mpeg\",\"title\":\"05-L&#039;oiselet A Quitt\\u00e9 Sa Branche\",\"caption\":\"\",\"description\":\"\\u003Ci\\u003EL'oiselet A Quitt\\u00e9 Sa Branche\\u003C\/i\\u003E tir\\u00e9 de \\u003Ci\\u003EMy Swiss Standards\\u003C\/i\\u003E par Swisstet. Date de sortie\\u00a0: 1992. Piste 5 sur 13. Genre\\u00a0: Jazz\",\"meta\":{\"artist\":\"Swisstet\",\"album\":\"My Swiss Standards\",\"genre\":\"Jazz\",\"year\":\"1992\",\"length_formatted\":\"5:06\"},\"image\":{\"src\":\"https:\/\/nicolas-hafner.com\/web\/wp-includes\/images\/media\/audio.svg\",\"width\":48,\"height\":64},\"thumb\":{\"src\":\"https:\/\/nicolas-hafner.com\/web\/wp-includes\/images\/media\/audio.svg\",\"width\":48,\"height\":64}},{\"src\":\"https:\/\/nicolas-hafner.com\/web\/wp-content\/uploads\/2013\/08\/06-Le-Chagrin-De-Madeleine.mp3\",\"type\":\"audio\/mpeg\",\"title\":\"06-Le Chagrin De Madeleine\",\"caption\":\"\",\"description\":\"\\u003Ci\\u003ELe Chagrin De Madeleine\\u003C\/i\\u003E tir\\u00e9 de \\u003Ci\\u003EMy Swiss Standards\\u003C\/i\\u003E par Swisstet. Date de sortie\\u00a0: 1992. Piste 6 sur 13. Genre\\u00a0: Jazz\",\"meta\":{\"artist\":\"Swisstet\",\"album\":\"My Swiss Standards\",\"genre\":\"Jazz\",\"year\":\"1992\",\"length_formatted\":\"2:11\"},\"image\":{\"src\":\"https:\/\/nicolas-hafner.com\/web\/wp-includes\/images\/media\/audio.svg\",\"width\":48,\"height\":64},\"thumb\":{\"src\":\"https:\/\/nicolas-hafner.com\/web\/wp-includes\/images\/media\/audio.svg\",\"width\":48,\"height\":64}},{\"src\":\"https:\/\/nicolas-hafner.com\/web\/wp-content\/uploads\/2013\/08\/07-Cantique-Suisse.mp3\",\"type\":\"audio\/mpeg\",\"title\":\"07-Cantique Suisse\",\"caption\":\"\",\"description\":\"\\u003Ci\\u003ECantique Suisse\\u003C\/i\\u003E tir\\u00e9 de \\u003Ci\\u003EMy Swiss Standards\\u003C\/i\\u003E par Swisstet. Date de sortie\\u00a0: 1992. Piste 7 sur 13. Genre\\u00a0: Jazz\",\"meta\":{\"artist\":\"Swisstet\",\"album\":\"My Swiss Standards\",\"genre\":\"Jazz\",\"year\":\"1992\",\"length_formatted\":\"4:27\"},\"image\":{\"src\":\"https:\/\/nicolas-hafner.com\/web\/wp-includes\/images\/media\/audio.svg\",\"width\":48,\"height\":64},\"thumb\":{\"src\":\"https:\/\/nicolas-hafner.com\/web\/wp-includes\/images\/media\/audio.svg\",\"width\":48,\"height\":64}},{\"src\":\"https:\/\/nicolas-hafner.com\/web\/wp-content\/uploads\/2013\/08\/08-Ce-Que-Laino.mp3\",\"type\":\"audio\/mpeg\",\"title\":\"08-Ce Qu&#039;e L&#039;aino\",\"caption\":\"\",\"description\":\"\\u003Ci\\u003ECe Qu'e L'aino\\u003C\/i\\u003E tir\\u00e9 de \\u003Ci\\u003EMy Swiss Standards\\u003C\/i\\u003E par Swisstet. Date de sortie\\u00a0: 1992. Piste 8 sur 13. Genre\\u00a0: Jazz\",\"meta\":{\"artist\":\"Swisstet\",\"album\":\"My Swiss Standards\",\"genre\":\"Jazz\",\"year\":\"1992\",\"length_formatted\":\"5:22\"},\"image\":{\"src\":\"https:\/\/nicolas-hafner.com\/web\/wp-includes\/images\/media\/audio.svg\",\"width\":48,\"height\":64},\"thumb\":{\"src\":\"https:\/\/nicolas-hafner.com\/web\/wp-includes\/images\/media\/audio.svg\",\"width\":48,\"height\":64}},{\"src\":\"https:\/\/nicolas-hafner.com\/web\/wp-content\/uploads\/2013\/08\/09-La-Suisse-Est-Belle.mp3\",\"type\":\"audio\/mpeg\",\"title\":\"09-La Suisse Est Belle\",\"caption\":\"\",\"description\":\"\\u003Ci\\u003ELa Suisse Est Belle\\u003C\/i\\u003E tir\\u00e9 de \\u003Ci\\u003EMy Swiss Standards\\u003C\/i\\u003E par Swisstet. Date de sortie\\u00a0: 1992. Piste 9 sur 13. Genre\\u00a0: Jazz\",\"meta\":{\"artist\":\"Swisstet\",\"album\":\"My Swiss Standards\",\"genre\":\"Jazz\",\"year\":\"1992\",\"length_formatted\":\"3:26\"},\"image\":{\"src\":\"https:\/\/nicolas-hafner.com\/web\/wp-includes\/images\/media\/audio.svg\",\"width\":48,\"height\":64},\"thumb\":{\"src\":\"https:\/\/nicolas-hafner.com\/web\/wp-includes\/images\/media\/audio.svg\",\"width\":48,\"height\":64}},{\"src\":\"https:\/\/nicolas-hafner.com\/web\/wp-content\/uploads\/2013\/08\/10-O-Monts-Independants.mp3\",\"type\":\"audio\/mpeg\",\"title\":\"10-O Monts Ind\\u00e9pendants\",\"caption\":\"\",\"description\":\"\\u003Ci\\u003EO Monts Ind\\u00e9pendants\\u003C\/i\\u003E tir\\u00e9 de \\u003Ci\\u003EMy Swiss Standards\\u003C\/i\\u003E par Swisstet. Date de sortie\\u00a0: 1992. Piste 10 sur 13. Genre\\u00a0: Jazz\",\"meta\":{\"artist\":\"Swisstet\",\"album\":\"My Swiss Standards\",\"genre\":\"Jazz\",\"year\":\"1992\",\"length_formatted\":\"3:58\"},\"image\":{\"src\":\"https:\/\/nicolas-hafner.com\/web\/wp-includes\/images\/media\/audio.svg\",\"width\":48,\"height\":64},\"thumb\":{\"src\":\"https:\/\/nicolas-hafner.com\/web\/wp-includes\/images\/media\/audio.svg\",\"width\":48,\"height\":64}},{\"src\":\"https:\/\/nicolas-hafner.com\/web\/wp-content\/uploads\/2013\/08\/11-La-Ronde-Des-Saisons.mp3\",\"type\":\"audio\/mpeg\",\"title\":\"11-La Ronde Des Saisons\",\"caption\":\"\",\"description\":\"\\u003Ci\\u003ELa Ronde Des Saisons\\u003C\/i\\u003E tir\\u00e9 de \\u003Ci\\u003EMy Swiss Standards\\u003C\/i\\u003E par Swisstet. Date de sortie\\u00a0: 1992. Piste 11 sur 13. Genre\\u00a0: Jazz\",\"meta\":{\"artist\":\"Swisstet\",\"album\":\"My Swiss Standards\",\"genre\":\"Jazz\",\"year\":\"1992\",\"length_formatted\":\"5:43\"},\"image\":{\"src\":\"https:\/\/nicolas-hafner.com\/web\/wp-includes\/images\/media\/audio.svg\",\"width\":48,\"height\":64},\"thumb\":{\"src\":\"https:\/\/nicolas-hafner.com\/web\/wp-includes\/images\/media\/audio.svg\",\"width\":48,\"height\":64}},{\"src\":\"https:\/\/nicolas-hafner.com\/web\/wp-content\/uploads\/2013\/08\/12-La-Ronde-Des-Petits-Nains.mp3\",\"type\":\"audio\/mpeg\",\"title\":\"12-La Ronde Des Petits Nains\",\"caption\":\"\",\"description\":\"\\u003Ci\\u003ELa Ronde Des Petits Nains\\u003C\/i\\u003E tir\\u00e9 de \\u003Ci\\u003EMy Swiss Standards\\u003C\/i\\u003E par Swisstet. Date de sortie\\u00a0: 1992. Piste 12 sur 13. Genre\\u00a0: Jazz\",\"meta\":{\"artist\":\"Swisstet\",\"album\":\"My Swiss Standards\",\"genre\":\"Jazz\",\"year\":\"1992\",\"length_formatted\":\"3:16\"},\"image\":{\"src\":\"https:\/\/nicolas-hafner.com\/web\/wp-includes\/images\/media\/audio.svg\",\"width\":48,\"height\":64},\"thumb\":{\"src\":\"https:\/\/nicolas-hafner.com\/web\/wp-includes\/images\/media\/audio.svg\",\"width\":48,\"height\":64}},{\"src\":\"https:\/\/nicolas-hafner.com\/web\/wp-content\/uploads\/2013\/08\/13-Generique.mp3\",\"type\":\"audio\/mpeg\",\"title\":\"13-G\\u00e9n\\u00e9rique\",\"caption\":\"\",\"description\":\"\\u003Ci\\u003EG\\u00e9n\\u00e9rique\\u003C\/i\\u003E tir\\u00e9 de \\u003Ci\\u003EMy Swiss Standards\\u003C\/i\\u003E par Swisstet. Date de sortie\\u00a0: 1992. Piste 13 sur 13. Genre\\u00a0: Jazz\",\"meta\":{\"artist\":\"Swisstet\",\"album\":\"My Swiss Standards\",\"genre\":\"Jazz\",\"year\":\"1992\",\"length_formatted\":\"0:17\"},\"image\":{\"src\":\"https:\/\/nicolas-hafner.com\/web\/wp-includes\/images\/media\/audio.svg\",\"width\":48,\"height\":64},\"thumb\":{\"src\":\"https:\/\/nicolas-hafner.com\/web\/wp-includes\/images\/media\/audio.svg\",\"width\":48,\"height\":64}}]}<\/script>\n<\/div>\n\t<\/div>\n\t\t\t\t<\/div>\n\t\t\t\t\t\t\t<div class=\"elementor-accordion-item\">\n\t\t\t\t\t<div id=\"elementor-tab-title-1602\" class=\"elementor-tab-title\" data-tab=\"2\" role=\"button\" aria-controls=\"elementor-tab-content-1602\" aria-expanded=\"false\">\n\t\t\t\t\t\t\t\t\t\t\t\t\t<span class=\"elementor-accordion-icon elementor-accordion-icon-left\" aria-hidden=\"true\">\n\t\t\t\t\t\t\t\t\t\t\t\t\t\t\t<span class=\"elementor-accordion-icon-closed\"><i class=\"fas fa-music\"><\/i><\/span>\n\t\t\t\t\t\t\t\t<span class=\"elementor-accordion-icon-opened\"><i class=\"fas fa-music\"><\/i><\/span>\n\t\t\t\t\t\t\t\t\t\t\t\t\t\t<\/span>\n\t\t\t\t\t\t\t\t\t\t\t\t<a class=\"elementor-accordion-title\" tabindex=\"0\">SWISSTET \u2013 Christmas Standards<\/a>\n\t\t\t\t\t<\/div>\n\t\t\t\t\t<div id=\"elementor-tab-content-1602\" class=\"elementor-tab-content elementor-clearfix\" data-tab=\"2\" role=\"region\" aria-labelledby=\"elementor-tab-title-1602\"><p><img decoding=\"async\" class=\"alignnone size-full wp-image-2003\" src=\"http:\/\/nicolas-hafner.com\/web\/wp-content\/uploads\/2013\/05\/SWISSTET_2_Fourre_CD-300x300.jpg\" alt=\"\" width=\"300\" height=\"300\" srcset=\"https:\/\/nicolas-hafner.com\/web\/wp-content\/uploads\/2013\/05\/SWISSTET_2_Fourre_CD-300x300.jpg 300w, https:\/\/nicolas-hafner.com\/web\/wp-content\/uploads\/2013\/05\/SWISSTET_2_Fourre_CD-300x300-150x150.jpg 150w, https:\/\/nicolas-hafner.com\/web\/wp-content\/uploads\/2013\/05\/SWISSTET_2_Fourre_CD-300x300-100x100.jpg 100w\" sizes=\"(max-width: 300px) 100vw, 300px\" \/><\/p><div class=\"wp-playlist wp-audio-playlist wp-playlist-light\">\n\t\t\t<div class=\"wp-playlist-current-item\"><\/div>\n\t\t<audio controls=\"controls\" preload=\"none\" width=\"1178\"\n\t\t\t><\/audio>\n\t<div class=\"wp-playlist-next\"><\/div>\n\t<div class=\"wp-playlist-prev\"><\/div>\n\t<noscript>\n\t<ol>\n\t\t<li><a href='https:\/\/nicolas-hafner.com\/web\/wp-content\/uploads\/2013\/08\/01-Jingle-Bells.mp3'>Jingle Bells<\/a><\/li><li><a href='https:\/\/nicolas-hafner.com\/web\/wp-content\/uploads\/2013\/08\/03-Mon-Beau-Sapin.mp3'>Mon Beau Sapin<\/a><\/li><li><a href='https:\/\/nicolas-hafner.com\/web\/wp-content\/uploads\/2013\/08\/04-La-Voici-La-Nuit-De-Dieu.mp3'>La Voici, La Nuit De Dieu<\/a><\/li><li><a href='https:\/\/nicolas-hafner.com\/web\/wp-content\/uploads\/2013\/08\/05-La-Marche-Des-Rois.mp3'>La Marche Des Rois<\/a><\/li><li><a href='https:\/\/nicolas-hafner.com\/web\/wp-content\/uploads\/2013\/08\/06-White-Christmas.mp3'>White Christmas<\/a><\/li><li><a href='https:\/\/nicolas-hafner.com\/web\/wp-content\/uploads\/2013\/08\/07-Entre-Le-Boeuf-Et-LAne-Gris.mp3'>Entre Le Boeuf Et L&#039;Ane Gris<\/a><\/li><li><a href='https:\/\/nicolas-hafner.com\/web\/wp-content\/uploads\/2013\/08\/08-Silent-Night-O-Douce-Nuit.mp3'>Silent Night &#8211; O Douce Nuit<\/a><\/li><li><a href='https:\/\/nicolas-hafner.com\/web\/wp-content\/uploads\/2013\/08\/09-Noel-Nouvelet.mp3'>Noel Nouvelet<\/a><\/li><li><a href='https:\/\/nicolas-hafner.com\/web\/wp-content\/uploads\/2013\/08\/10-Il-Est-Ne-Le-Divin-Enfant.mp3'>Il Est N\u00e9 Le Divin Enfant<\/a><\/li>\t<\/ol>\n\t<\/noscript>\n\t<script type=\"application\/json\" class=\"wp-playlist-script\">{\"type\":\"audio\",\"tracklist\":true,\"tracknumbers\":true,\"images\":true,\"artists\":true,\"tracks\":[{\"src\":\"https:\/\/nicolas-hafner.com\/web\/wp-content\/uploads\/2013\/08\/01-Jingle-Bells.mp3\",\"type\":\"audio\/mpeg\",\"title\":\"Jingle Bells\",\"caption\":\"\",\"description\":\"\\u003Ci\\u003EJingle Bells\\u003C\/i\\u003E tir\\u00e9 de \\u003Ci\\u003EChristmas Standards - Nicolas Hafner Swisstet\\u003C\/i\\u003E par Nicolas Hafner. Date de sortie&nbsp;: 1993. Piste 1 sur 10. Genre&nbsp;: Holiday\",\"meta\":{\"artist\":\"Nicolas Hafner\",\"album\":\"Christmas Standards - Nicolas Hafner Swisstet\",\"genre\":\"Holiday\",\"year\":\"1993\",\"length_formatted\":\"5:02\"},\"image\":{\"src\":\"https:\/\/nicolas-hafner.com\/web\/wp-includes\/images\/media\/audio.svg\",\"width\":48,\"height\":64},\"thumb\":{\"src\":\"https:\/\/nicolas-hafner.com\/web\/wp-includes\/images\/media\/audio.svg\",\"width\":48,\"height\":64}},{\"src\":\"https:\/\/nicolas-hafner.com\/web\/wp-content\/uploads\/2013\/08\/03-Mon-Beau-Sapin.mp3\",\"type\":\"audio\/mpeg\",\"title\":\"Mon Beau Sapin\",\"caption\":\"\",\"description\":\"\\u003Ci\\u003EMon Beau Sapin\\u003C\/i\\u003E tir\\u00e9 de \\u003Ci\\u003EChristmas Standards - Nicolas Hafner Swisstet\\u003C\/i\\u003E par Nicolas Hafner. Date de sortie&nbsp;: 1993. Piste 3 sur 10. Genre&nbsp;: Holiday\",\"meta\":{\"artist\":\"Nicolas Hafner\",\"album\":\"Christmas Standards - Nicolas Hafner Swisstet\",\"genre\":\"Holiday\",\"year\":\"1993\",\"length_formatted\":\"4:31\"},\"image\":{\"src\":\"https:\/\/nicolas-hafner.com\/web\/wp-includes\/images\/media\/audio.svg\",\"width\":48,\"height\":64},\"thumb\":{\"src\":\"https:\/\/nicolas-hafner.com\/web\/wp-includes\/images\/media\/audio.svg\",\"width\":48,\"height\":64}},{\"src\":\"https:\/\/nicolas-hafner.com\/web\/wp-content\/uploads\/2013\/08\/04-La-Voici-La-Nuit-De-Dieu.mp3\",\"type\":\"audio\/mpeg\",\"title\":\"La Voici, La Nuit De Dieu\",\"caption\":\"\",\"description\":\"\\u003Ci\\u003ELa Voici, La Nuit De Dieu\\u003C\/i\\u003E tir\\u00e9 de \\u003Ci\\u003EChristmas Standards - Nicolas Hafner Swisstet\\u003C\/i\\u003E par Nicolas Hafner. Date de sortie&nbsp;: 1993. Piste 4 sur 10. Genre&nbsp;: Holiday\",\"meta\":{\"artist\":\"Nicolas Hafner\",\"album\":\"Christmas Standards - Nicolas Hafner Swisstet\",\"genre\":\"Holiday\",\"year\":\"1993\",\"length_formatted\":\"5:17\"},\"image\":{\"src\":\"https:\/\/nicolas-hafner.com\/web\/wp-includes\/images\/media\/audio.svg\",\"width\":48,\"height\":64},\"thumb\":{\"src\":\"https:\/\/nicolas-hafner.com\/web\/wp-includes\/images\/media\/audio.svg\",\"width\":48,\"height\":64}},{\"src\":\"https:\/\/nicolas-hafner.com\/web\/wp-content\/uploads\/2013\/08\/05-La-Marche-Des-Rois.mp3\",\"type\":\"audio\/mpeg\",\"title\":\"La Marche Des Rois\",\"caption\":\"\",\"description\":\"\\u003Ci\\u003ELa Marche Des Rois\\u003C\/i\\u003E tir\\u00e9 de \\u003Ci\\u003EChristmas Standards - Nicolas Hafner Swisstet\\u003C\/i\\u003E par Nicolas Hafner. Date de sortie&nbsp;: 1993. Piste 5 sur 10. Genre&nbsp;: Holiday\",\"meta\":{\"artist\":\"Nicolas Hafner\",\"album\":\"Christmas Standards - Nicolas Hafner Swisstet\",\"genre\":\"Holiday\",\"year\":\"1993\",\"length_formatted\":\"3:32\"},\"image\":{\"src\":\"https:\/\/nicolas-hafner.com\/web\/wp-includes\/images\/media\/audio.svg\",\"width\":48,\"height\":64},\"thumb\":{\"src\":\"https:\/\/nicolas-hafner.com\/web\/wp-includes\/images\/media\/audio.svg\",\"width\":48,\"height\":64}},{\"src\":\"https:\/\/nicolas-hafner.com\/web\/wp-content\/uploads\/2013\/08\/06-White-Christmas.mp3\",\"type\":\"audio\/mpeg\",\"title\":\"White Christmas\",\"caption\":\"\",\"description\":\"\\u003Ci\\u003EWhite Christmas\\u003C\/i\\u003E tir\\u00e9 de \\u003Ci\\u003EChristmas Standards - Nicolas Hafner Swisstet\\u003C\/i\\u003E par Nicolas Hafner. Date de sortie&nbsp;: 1993. Piste 6 sur 10. Genre&nbsp;: Holiday\",\"meta\":{\"artist\":\"Nicolas Hafner\",\"album\":\"Christmas Standards - Nicolas Hafner Swisstet\",\"genre\":\"Holiday\",\"year\":\"1993\",\"length_formatted\":\"6:07\"},\"image\":{\"src\":\"https:\/\/nicolas-hafner.com\/web\/wp-includes\/images\/media\/audio.svg\",\"width\":48,\"height\":64},\"thumb\":{\"src\":\"https:\/\/nicolas-hafner.com\/web\/wp-includes\/images\/media\/audio.svg\",\"width\":48,\"height\":64}},{\"src\":\"https:\/\/nicolas-hafner.com\/web\/wp-content\/uploads\/2013\/08\/07-Entre-Le-Boeuf-Et-LAne-Gris.mp3\",\"type\":\"audio\/mpeg\",\"title\":\"Entre Le Boeuf Et L&#039;Ane Gris\",\"caption\":\"\",\"description\":\"\\u003Ci\\u003EEntre Le Boeuf Et L'Ane Gris\\u003C\/i\\u003E tir\\u00e9 de \\u003Ci\\u003EChristmas Standards - Nicolas Hafner Swisstet\\u003C\/i\\u003E par Nicolas Hafner. Date de sortie&nbsp;: 1993. Piste 7 sur 10. Genre&nbsp;: Holiday\",\"meta\":{\"artist\":\"Nicolas Hafner\",\"album\":\"Christmas Standards - Nicolas Hafner Swisstet\",\"genre\":\"Holiday\",\"year\":\"1993\",\"length_formatted\":\"3:13\"},\"image\":{\"src\":\"https:\/\/nicolas-hafner.com\/web\/wp-includes\/images\/media\/audio.svg\",\"width\":48,\"height\":64},\"thumb\":{\"src\":\"https:\/\/nicolas-hafner.com\/web\/wp-includes\/images\/media\/audio.svg\",\"width\":48,\"height\":64}},{\"src\":\"https:\/\/nicolas-hafner.com\/web\/wp-content\/uploads\/2013\/08\/08-Silent-Night-O-Douce-Nuit.mp3\",\"type\":\"audio\/mpeg\",\"title\":\"Silent Night - O Douce Nuit\",\"caption\":\"\",\"description\":\"\\u003Ci\\u003ESilent Night - O Douce Nuit\\u003C\/i\\u003E tir\\u00e9 de \\u003Ci\\u003EChristmas Standards - Nicolas Hafner Swisstet\\u003C\/i\\u003E par Nicolas Hafner. Date de sortie&nbsp;: 1993. Piste 8 sur 10. Genre&nbsp;: Holiday\",\"meta\":{\"artist\":\"Nicolas Hafner\",\"album\":\"Christmas Standards - Nicolas Hafner Swisstet\",\"genre\":\"Holiday\",\"year\":\"1993\",\"length_formatted\":\"6:40\"},\"image\":{\"src\":\"https:\/\/nicolas-hafner.com\/web\/wp-includes\/images\/media\/audio.svg\",\"width\":48,\"height\":64},\"thumb\":{\"src\":\"https:\/\/nicolas-hafner.com\/web\/wp-includes\/images\/media\/audio.svg\",\"width\":48,\"height\":64}},{\"src\":\"https:\/\/nicolas-hafner.com\/web\/wp-content\/uploads\/2013\/08\/09-Noel-Nouvelet.mp3\",\"type\":\"audio\/mpeg\",\"title\":\"Noel Nouvelet\",\"caption\":\"\",\"description\":\"\\u003Ci\\u003ENoel Nouvelet\\u003C\/i\\u003E tir\\u00e9 de \\u003Ci\\u003EChristmas Standards - Nicolas Hafner Swisstet\\u003C\/i\\u003E par Nicolas Hafner. Date de sortie&nbsp;: 1993. Piste 9 sur 10. Genre&nbsp;: Holiday\",\"meta\":{\"artist\":\"Nicolas Hafner\",\"album\":\"Christmas Standards - Nicolas Hafner Swisstet\",\"genre\":\"Holiday\",\"year\":\"1993\",\"length_formatted\":\"5:11\"},\"image\":{\"src\":\"https:\/\/nicolas-hafner.com\/web\/wp-includes\/images\/media\/audio.svg\",\"width\":48,\"height\":64},\"thumb\":{\"src\":\"https:\/\/nicolas-hafner.com\/web\/wp-includes\/images\/media\/audio.svg\",\"width\":48,\"height\":64}},{\"src\":\"https:\/\/nicolas-hafner.com\/web\/wp-content\/uploads\/2013\/08\/10-Il-Est-Ne-Le-Divin-Enfant.mp3\",\"type\":\"audio\/mpeg\",\"title\":\"Il Est N\\u00e9 Le Divin Enfant\",\"caption\":\"\",\"description\":\"\\u003Ci\\u003EIl Est N\\u00e9 Le Divin Enfant\\u003C\/i\\u003E tir\\u00e9 de \\u003Ci\\u003EChristmas Standards - Nicolas Hafner Swisstet\\u003C\/i\\u003E par Nicolas Hafner. Date de sortie&nbsp;: 1993. Piste 10 sur 10. Genre&nbsp;: Holiday\",\"meta\":{\"artist\":\"Nicolas Hafner\",\"album\":\"Christmas Standards - Nicolas Hafner Swisstet\",\"genre\":\"Holiday\",\"year\":\"1993\",\"length_formatted\":\"2:22\"},\"image\":{\"src\":\"https:\/\/nicolas-hafner.com\/web\/wp-includes\/images\/media\/audio.svg\",\"width\":48,\"height\":64},\"thumb\":{\"src\":\"https:\/\/nicolas-hafner.com\/web\/wp-includes\/images\/media\/audio.svg\",\"width\":48,\"height\":64}}]}<\/script>\n<\/div>\n\t<\/div>\n\t\t\t\t<\/div>\n\t\t\t\t\t\t\t<div class=\"elementor-accordion-item\">\n\t\t\t\t\t<div id=\"elementor-tab-title-1603\" class=\"elementor-tab-title\" data-tab=\"3\" role=\"button\" aria-controls=\"elementor-tab-content-1603\" aria-expanded=\"false\">\n\t\t\t\t\t\t\t\t\t\t\t\t\t<span class=\"elementor-accordion-icon elementor-accordion-icon-left\" aria-hidden=\"true\">\n\t\t\t\t\t\t\t\t\t\t\t\t\t\t\t<span class=\"elementor-accordion-icon-closed\"><i class=\"fas fa-music\"><\/i><\/span>\n\t\t\t\t\t\t\t\t<span class=\"elementor-accordion-icon-opened\"><i class=\"fas fa-music\"><\/i><\/span>\n\t\t\t\t\t\t\t\t\t\t\t\t\t\t<\/span>\n\t\t\t\t\t\t\t\t\t\t\t\t<a class=\"elementor-accordion-title\" tabindex=\"0\">SWISSTET \u2013 Les Standards de Fugain<\/a>\n\t\t\t\t\t<\/div>\n\t\t\t\t\t<div id=\"elementor-tab-content-1603\" class=\"elementor-tab-content elementor-clearfix\" data-tab=\"3\" role=\"region\" aria-labelledby=\"elementor-tab-title-1603\"><p><img decoding=\"async\" class=\"alignnone size-full wp-image-2001\" src=\"http:\/\/nicolas-hafner.com\/web\/wp-content\/uploads\/2013\/05\/SWISSTET_3_Fourre_CD-300x300.jpg\" alt=\"\" width=\"300\" height=\"300\" srcset=\"https:\/\/nicolas-hafner.com\/web\/wp-content\/uploads\/2013\/05\/SWISSTET_3_Fourre_CD-300x300.jpg 300w, https:\/\/nicolas-hafner.com\/web\/wp-content\/uploads\/2013\/05\/SWISSTET_3_Fourre_CD-300x300-150x150.jpg 150w, https:\/\/nicolas-hafner.com\/web\/wp-content\/uploads\/2013\/05\/SWISSTET_3_Fourre_CD-300x300-100x100.jpg 100w\" sizes=\"(max-width: 300px) 100vw, 300px\" \/><\/p><div class=\"wp-playlist wp-audio-playlist wp-playlist-light\">\n\t\t\t<div class=\"wp-playlist-current-item\"><\/div>\n\t\t<audio controls=\"controls\" preload=\"none\" width=\"1178\"\n\t\t\t><\/audio>\n\t<div class=\"wp-playlist-next\"><\/div>\n\t<div class=\"wp-playlist-prev\"><\/div>\n\t<noscript>\n\t<ol>\n\t\t<li><a href='https:\/\/nicolas-hafner.com\/web\/wp-content\/uploads\/2013\/09\/01-La-Fete.mp3'>La F\u00eate<\/a><\/li><li><a href='https:\/\/nicolas-hafner.com\/web\/wp-content\/uploads\/2013\/09\/02-Chaque-Jour-De-Plus.mp3'>Chaque Jour De Plus<\/a><\/li><li><a href='https:\/\/nicolas-hafner.com\/web\/wp-content\/uploads\/2013\/09\/03-Une-Belle-Histoire.mp3'>Une Belle Histoire<\/a><\/li><li><a href='https:\/\/nicolas-hafner.com\/web\/wp-content\/uploads\/2013\/09\/04-Chante.mp3'>Chante<\/a><\/li><li><a href='https:\/\/nicolas-hafner.com\/web\/wp-content\/uploads\/2013\/09\/05-Jsuis-Bien.mp3'>J&#039;suis Bien<\/a><\/li><li><a href='https:\/\/nicolas-hafner.com\/web\/wp-content\/uploads\/2013\/09\/06-Les-Sud-Ame\u0301ricaines.mp3'>Les Sud-Am\u00e9ricaines<\/a><\/li><li><a href='https:\/\/nicolas-hafner.com\/web\/wp-content\/uploads\/2013\/09\/07-Tout-Va-Changer.mp3'>Tout Va Changer<\/a><\/li><li><a href='https:\/\/nicolas-hafner.com\/web\/wp-content\/uploads\/2013\/09\/08-Je-Naurai-Pas-Le-Temps.mp3'>Je N&#039;aurai Pas Le Temps<\/a><\/li><li><a href='https:\/\/nicolas-hafner.com\/web\/wp-content\/uploads\/2013\/09\/09-Fais-Comme-Loiseau.mp3'>Fais Comme L&#039;oiseau<\/a><\/li><li><a href='https:\/\/nicolas-hafner.com\/web\/wp-content\/uploads\/2013\/09\/10-Ou\u0300-Sen-Vont.mp3'>O\u00f9 S&#039;en Vont<\/a><\/li><li><a href='https:\/\/nicolas-hafner.com\/web\/wp-content\/uploads\/2013\/09\/11-Viva-La-Vida.mp3'>Viva La Vida<\/a><\/li><li><a href='https:\/\/nicolas-hafner.com\/web\/wp-content\/uploads\/2013\/09\/12-Forteresse.mp3'>Forteresse<\/a><\/li>\t<\/ol>\n\t<\/noscript>\n\t<script type=\"application\/json\" class=\"wp-playlist-script\">{\"type\":\"audio\",\"tracklist\":true,\"tracknumbers\":true,\"images\":true,\"artists\":true,\"tracks\":[{\"src\":\"https:\/\/nicolas-hafner.com\/web\/wp-content\/uploads\/2013\/09\/01-La-Fete.mp3\",\"type\":\"audio\/mpeg\",\"title\":\"La F\\u00eate\",\"caption\":\"\",\"description\":\"\\u003Ci\\u003ELa F\\u00eate\\u003C\/i\\u003E tir\\u00e9 de \\u003Ci\\u003ELes Standards De Fugain\\u003C\/i\\u003E par Nicolas Hafner Swisstet. Date de sortie&nbsp;: 1994. Piste 1 sur 12. Genre&nbsp;: Jazz\",\"meta\":{\"artist\":\"Nicolas Hafner Swisstet\",\"album\":\"Les Standards De Fugain\",\"genre\":\"Jazz\",\"year\":\"1994\",\"length_formatted\":\"4:13\"},\"image\":{\"src\":\"https:\/\/nicolas-hafner.com\/web\/wp-includes\/images\/media\/audio.svg\",\"width\":48,\"height\":64},\"thumb\":{\"src\":\"https:\/\/nicolas-hafner.com\/web\/wp-includes\/images\/media\/audio.svg\",\"width\":48,\"height\":64}},{\"src\":\"https:\/\/nicolas-hafner.com\/web\/wp-content\/uploads\/2013\/09\/02-Chaque-Jour-De-Plus.mp3\",\"type\":\"audio\/mpeg\",\"title\":\"Chaque Jour De Plus\",\"caption\":\"\",\"description\":\"\\u003Ci\\u003EChaque Jour De Plus\\u003C\/i\\u003E tir\\u00e9 de \\u003Ci\\u003ELes Standards De Fugain\\u003C\/i\\u003E par Nicolas Hafner Swisstet. Date de sortie&nbsp;: 1994. Piste 2 sur 12. Genre&nbsp;: Jazz\",\"meta\":{\"artist\":\"Nicolas Hafner Swisstet\",\"album\":\"Les Standards De Fugain\",\"genre\":\"Jazz\",\"year\":\"1994\",\"length_formatted\":\"8:42\"},\"image\":{\"src\":\"https:\/\/nicolas-hafner.com\/web\/wp-includes\/images\/media\/audio.svg\",\"width\":48,\"height\":64},\"thumb\":{\"src\":\"https:\/\/nicolas-hafner.com\/web\/wp-includes\/images\/media\/audio.svg\",\"width\":48,\"height\":64}},{\"src\":\"https:\/\/nicolas-hafner.com\/web\/wp-content\/uploads\/2013\/09\/03-Une-Belle-Histoire.mp3\",\"type\":\"audio\/mpeg\",\"title\":\"Une Belle Histoire\",\"caption\":\"\",\"description\":\"\\u003Ci\\u003EUne Belle Histoire\\u003C\/i\\u003E tir\\u00e9 de \\u003Ci\\u003ELes Standards De Fugain\\u003C\/i\\u003E par Nicolas Hafner Swisstet. Date de sortie&nbsp;: 1994. Piste 3 sur 12. Genre&nbsp;: Jazz\",\"meta\":{\"artist\":\"Nicolas Hafner Swisstet\",\"album\":\"Les Standards De Fugain\",\"genre\":\"Jazz\",\"year\":\"1994\",\"length_formatted\":\"4:37\"},\"image\":{\"src\":\"https:\/\/nicolas-hafner.com\/web\/wp-includes\/images\/media\/audio.svg\",\"width\":48,\"height\":64},\"thumb\":{\"src\":\"https:\/\/nicolas-hafner.com\/web\/wp-includes\/images\/media\/audio.svg\",\"width\":48,\"height\":64}},{\"src\":\"https:\/\/nicolas-hafner.com\/web\/wp-content\/uploads\/2013\/09\/04-Chante.mp3\",\"type\":\"audio\/mpeg\",\"title\":\"Chante\",\"caption\":\"\",\"description\":\"\\u003Ci\\u003EChante\\u003C\/i\\u003E tir\\u00e9 de \\u003Ci\\u003ELes Standards De Fugain\\u003C\/i\\u003E par Nicolas Hafner Swisstet. Date de sortie&nbsp;: 1994. Piste 4 sur 12. Genre&nbsp;: Jazz\",\"meta\":{\"artist\":\"Nicolas Hafner Swisstet\",\"album\":\"Les Standards De Fugain\",\"genre\":\"Jazz\",\"year\":\"1994\",\"length_formatted\":\"5:00\"},\"image\":{\"src\":\"https:\/\/nicolas-hafner.com\/web\/wp-includes\/images\/media\/audio.svg\",\"width\":48,\"height\":64},\"thumb\":{\"src\":\"https:\/\/nicolas-hafner.com\/web\/wp-includes\/images\/media\/audio.svg\",\"width\":48,\"height\":64}},{\"src\":\"https:\/\/nicolas-hafner.com\/web\/wp-content\/uploads\/2013\/09\/05-Jsuis-Bien.mp3\",\"type\":\"audio\/mpeg\",\"title\":\"J&#039;suis Bien\",\"caption\":\"\",\"description\":\"\\u003Ci\\u003EJ'suis Bien\\u003C\/i\\u003E tir\\u00e9 de \\u003Ci\\u003ELes Standards De Fugain\\u003C\/i\\u003E par Nicolas Hafner Swisstet. Date de sortie&nbsp;: 1994. Piste 5 sur 12. Genre&nbsp;: Jazz\",\"meta\":{\"artist\":\"Nicolas Hafner Swisstet\",\"album\":\"Les Standards De Fugain\",\"genre\":\"Jazz\",\"year\":\"1994\",\"length_formatted\":\"4:34\"},\"image\":{\"src\":\"https:\/\/nicolas-hafner.com\/web\/wp-includes\/images\/media\/audio.svg\",\"width\":48,\"height\":64},\"thumb\":{\"src\":\"https:\/\/nicolas-hafner.com\/web\/wp-includes\/images\/media\/audio.svg\",\"width\":48,\"height\":64}},{\"src\":\"https:\/\/nicolas-hafner.com\/web\/wp-content\/uploads\/2013\/09\/06-Les-Sud-Ame\\u0301ricaines.mp3\",\"type\":\"audio\/mpeg\",\"title\":\"Les Sud-Am\\u00e9ricaines\",\"caption\":\"\",\"description\":\"\\u003Ci\\u003ELes Sud-Am\\u00e9ricaines\\u003C\/i\\u003E tir\\u00e9 de \\u003Ci\\u003ELes Standards De Fugain\\u003C\/i\\u003E par Nicolas Hafner Swisstet. Date de sortie&nbsp;: 1994. Piste 6 sur 12. Genre&nbsp;: Jazz\",\"meta\":{\"artist\":\"Nicolas Hafner Swisstet\",\"album\":\"Les Standards De Fugain\",\"genre\":\"Jazz\",\"year\":\"1994\",\"length_formatted\":\"5:33\"},\"image\":{\"src\":\"https:\/\/nicolas-hafner.com\/web\/wp-includes\/images\/media\/audio.svg\",\"width\":48,\"height\":64},\"thumb\":{\"src\":\"https:\/\/nicolas-hafner.com\/web\/wp-includes\/images\/media\/audio.svg\",\"width\":48,\"height\":64}},{\"src\":\"https:\/\/nicolas-hafner.com\/web\/wp-content\/uploads\/2013\/09\/07-Tout-Va-Changer.mp3\",\"type\":\"audio\/mpeg\",\"title\":\"Tout Va Changer\",\"caption\":\"\",\"description\":\"\\u003Ci\\u003ETout Va Changer\\u003C\/i\\u003E tir\\u00e9 de \\u003Ci\\u003ELes Standards De Fugain\\u003C\/i\\u003E par Nicolas Hafner Swisstet. Date de sortie&nbsp;: 1994. Piste 7 sur 12. Genre&nbsp;: Jazz\",\"meta\":{\"artist\":\"Nicolas Hafner Swisstet\",\"album\":\"Les Standards De Fugain\",\"genre\":\"Jazz\",\"year\":\"1994\",\"length_formatted\":\"7:19\"},\"image\":{\"src\":\"https:\/\/nicolas-hafner.com\/web\/wp-includes\/images\/media\/audio.svg\",\"width\":48,\"height\":64},\"thumb\":{\"src\":\"https:\/\/nicolas-hafner.com\/web\/wp-includes\/images\/media\/audio.svg\",\"width\":48,\"height\":64}},{\"src\":\"https:\/\/nicolas-hafner.com\/web\/wp-content\/uploads\/2013\/09\/08-Je-Naurai-Pas-Le-Temps.mp3\",\"type\":\"audio\/mpeg\",\"title\":\"Je N&#039;aurai Pas Le Temps\",\"caption\":\"\",\"description\":\"\\u003Ci\\u003EJe N'aurai Pas Le Temps\\u003C\/i\\u003E tir\\u00e9 de \\u003Ci\\u003ELes Standards De Fugain\\u003C\/i\\u003E par Nicolas Hafner Swisstet. Date de sortie&nbsp;: 1994. Piste 8 sur 12. Genre&nbsp;: Jazz\",\"meta\":{\"artist\":\"Nicolas Hafner Swisstet\",\"album\":\"Les Standards De Fugain\",\"genre\":\"Jazz\",\"year\":\"1994\",\"length_formatted\":\"6:51\"},\"image\":{\"src\":\"https:\/\/nicolas-hafner.com\/web\/wp-includes\/images\/media\/audio.svg\",\"width\":48,\"height\":64},\"thumb\":{\"src\":\"https:\/\/nicolas-hafner.com\/web\/wp-includes\/images\/media\/audio.svg\",\"width\":48,\"height\":64}},{\"src\":\"https:\/\/nicolas-hafner.com\/web\/wp-content\/uploads\/2013\/09\/09-Fais-Comme-Loiseau.mp3\",\"type\":\"audio\/mpeg\",\"title\":\"Fais Comme L&#039;oiseau\",\"caption\":\"\",\"description\":\"\\u003Ci\\u003EFais Comme L'oiseau\\u003C\/i\\u003E tir\\u00e9 de \\u003Ci\\u003ELes Standards De Fugain\\u003C\/i\\u003E par Nicolas Hafner Swisstet. Date de sortie&nbsp;: 1994. Piste 9 sur 12. Genre&nbsp;: Jazz\",\"meta\":{\"artist\":\"Nicolas Hafner Swisstet\",\"album\":\"Les Standards De Fugain\",\"genre\":\"Jazz\",\"year\":\"1994\",\"length_formatted\":\"6:09\"},\"image\":{\"src\":\"https:\/\/nicolas-hafner.com\/web\/wp-includes\/images\/media\/audio.svg\",\"width\":48,\"height\":64},\"thumb\":{\"src\":\"https:\/\/nicolas-hafner.com\/web\/wp-includes\/images\/media\/audio.svg\",\"width\":48,\"height\":64}},{\"src\":\"https:\/\/nicolas-hafner.com\/web\/wp-content\/uploads\/2013\/09\/10-Ou\\u0300-Sen-Vont.mp3\",\"type\":\"audio\/mpeg\",\"title\":\"O\\u00f9 S&#039;en Vont\",\"caption\":\"\",\"description\":\"\\u003Ci\\u003EO\\u00f9 S'en Vont\\u003C\/i\\u003E tir\\u00e9 de \\u003Ci\\u003ELes Standards De Fugain\\u003C\/i\\u003E par Nicolas Hafner Swisstet. Date de sortie&nbsp;: 1994. Piste 10 sur 12. Genre&nbsp;: Jazz\",\"meta\":{\"artist\":\"Nicolas Hafner Swisstet\",\"album\":\"Les Standards De Fugain\",\"genre\":\"Jazz\",\"year\":\"1994\",\"length_formatted\":\"5:18\"},\"image\":{\"src\":\"https:\/\/nicolas-hafner.com\/web\/wp-includes\/images\/media\/audio.svg\",\"width\":48,\"height\":64},\"thumb\":{\"src\":\"https:\/\/nicolas-hafner.com\/web\/wp-includes\/images\/media\/audio.svg\",\"width\":48,\"height\":64}},{\"src\":\"https:\/\/nicolas-hafner.com\/web\/wp-content\/uploads\/2013\/09\/11-Viva-La-Vida.mp3\",\"type\":\"audio\/mpeg\",\"title\":\"Viva La Vida\",\"caption\":\"\",\"description\":\"\\u003Ci\\u003EViva La Vida\\u003C\/i\\u003E tir\\u00e9 de \\u003Ci\\u003ELes Standards De Fugain\\u003C\/i\\u003E par Nicolas Hafner Swisstet. Date de sortie&nbsp;: 1994. Piste 11 sur 12. Genre&nbsp;: Jazz\",\"meta\":{\"artist\":\"Nicolas Hafner Swisstet\",\"album\":\"Les Standards De Fugain\",\"genre\":\"Jazz\",\"year\":\"1994\",\"length_formatted\":\"5:46\"},\"image\":{\"src\":\"https:\/\/nicolas-hafner.com\/web\/wp-includes\/images\/media\/audio.svg\",\"width\":48,\"height\":64},\"thumb\":{\"src\":\"https:\/\/nicolas-hafner.com\/web\/wp-includes\/images\/media\/audio.svg\",\"width\":48,\"height\":64}},{\"src\":\"https:\/\/nicolas-hafner.com\/web\/wp-content\/uploads\/2013\/09\/12-Forteresse.mp3\",\"type\":\"audio\/mpeg\",\"title\":\"Forteresse\",\"caption\":\"\",\"description\":\"\\u003Ci\\u003EForteresse\\u003C\/i\\u003E tir\\u00e9 de \\u003Ci\\u003ELes Standards De Fugain\\u003C\/i\\u003E par Nicolas Hafner Swisstet. Date de sortie&nbsp;: 1994. Piste 12 sur 12. Genre&nbsp;: Jazz\",\"meta\":{\"artist\":\"Nicolas Hafner Swisstet\",\"album\":\"Les Standards De Fugain\",\"genre\":\"Jazz\",\"year\":\"1994\",\"length_formatted\":\"8:33\"},\"image\":{\"src\":\"https:\/\/nicolas-hafner.com\/web\/wp-includes\/images\/media\/audio.svg\",\"width\":48,\"height\":64},\"thumb\":{\"src\":\"https:\/\/nicolas-hafner.com\/web\/wp-includes\/images\/media\/audio.svg\",\"width\":48,\"height\":64}}]}<\/script>\n<\/div>\n\t<\/div>\n\t\t\t\t<\/div>\n\t\t\t\t\t\t\t\t<\/div>\n\t\t\t\t\t\t<\/div>\n\t\t\t\t<\/div>\n\t\t\t\t\t<\/div>\n\t\t<\/div>\n\t\t\t\t\t<\/div>\n\t\t<\/section>\n\t\t\t\t<\/div>\n\t\t","protected":false},"excerpt":{"rendered":"<p>En 1991, trois amis musiciens, Jean-Luc Lavanchy, Robert Roethlisberger et Nicolas Hafner, d\u00e9cident de fonder le \u00ab\u00a0SWISSTET.Ils enregistrent un premier album fin 1991 avec des arrangements de chansons suisses en jazz,\u00a0\u00ab\u00a0My Swiss Standards\u00a0\u00bb.Ce projet rencontre imm\u00e9diatement un beau succ\u00e8s et sera suivi de deux autres albums,\u00a0\u00ab\u00a0Christmas Standards\u00a0\u00bb\u00a0et\u00a0\u00ab\u00a0Les Standards de Fugain\u00a0\u00bb.De 1992 \u00e0 1996, le SWISSTET [&hellip;]<\/p>\n","protected":false},"author":1,"featured_media":0,"parent":4108,"menu_order":0,"comment_status":"closed","ping_status":"closed","template":"","meta":{"site-sidebar-layout":"default","site-content-layout":"default","ast-site-content-layout":"default","site-content-style":"default","site-sidebar-style":"default","ast-global-header-display":"","ast-banner-title-visibility":"","ast-main-header-display":"","ast-hfb-above-header-display":"","ast-hfb-below-header-display":"","ast-hfb-mobile-header-display":"","site-post-title":"","ast-breadcrumbs-content":"","ast-featured-img":"","footer-sml-layout":"","ast-disable-related-posts":"","theme-transparent-header-meta":"","adv-header-id-meta":"","stick-header-meta":"","header-above-stick-meta":"","header-main-stick-meta":"","header-below-stick-meta":"","astra-migrate-meta-layouts":"default","ast-page-background-enabled":"default","ast-page-background-meta":{"desktop":{"background-color":"","background-image":"","background-repeat":"repeat","background-position":"center center","background-size":"auto","background-attachment":"scroll","background-type":"","background-media":"","overlay-type":"","overlay-color":"","overlay-opacity":"","overlay-gradient":""},"tablet":{"background-color":"","background-image":"","background-repeat":"repeat","background-position":"center center","background-size":"auto","background-attachment":"scroll","background-type":"","background-media":"","overlay-type":"","overlay-color":"","overlay-opacity":"","overlay-gradient":""},"mobile":{"background-color":"","background-image":"","background-repeat":"repeat","background-position":"center center","background-size":"auto","background-attachment":"scroll","background-type":"","background-media":"","overlay-type":"","overlay-color":"","overlay-opacity":"","overlay-gradient":""}},"ast-content-background-meta":{"desktop":{"background-color":"var(--ast-global-color-5)","background-image":"","background-repeat":"repeat","background-position":"center center","background-size":"auto","background-attachment":"scroll","background-type":"","background-media":"","overlay-type":"","overlay-color":"","overlay-opacity":"","overlay-gradient":""},"tablet":{"background-color":"var(--ast-global-color-5)","background-image":"","background-repeat":"repeat","background-position":"center center","background-size":"auto","background-attachment":"scroll","background-type":"","background-media":"","overlay-type":"","overlay-color":"","overlay-opacity":"","overlay-gradient":""},"mobile":{"background-color":"var(--ast-global-color-5)","background-image":"","background-repeat":"repeat","background-position":"center center","background-size":"auto","background-attachment":"scroll","background-type":"","background-media":"","overlay-type":"","overlay-color":"","overlay-opacity":"","overlay-gradient":""}},"footnotes":""},"class_list":["post-3830","page","type-page","status-publish","hentry"],"yoast_head":"<!-- This site is optimized with the Yoast SEO plugin v28.3 - https:\/\/yoast.com\/product\/yoast-seo-wordpress\/ -->\n<title>Juke-Box Swisstet - Nicolas Hafner<\/title>\n<meta name=\"robots\" content=\"index, follow, max-snippet:-1, max-image-preview:large, max-video-preview:-1\" \/>\n<link rel=\"canonical\" href=\"https:\/\/nicolas-hafner.com\/web\/index.php\/2018-2\/voir-ecouter\/juke-box-swisstet\/\" \/>\n<meta property=\"og:locale\" content=\"fr_FR\" \/>\n<meta property=\"og:type\" content=\"article\" \/>\n<meta property=\"og:title\" content=\"Juke-Box Swisstet - Nicolas Hafner\" \/>\n<meta property=\"og:description\" content=\"En 1991, trois amis musiciens, Jean-Luc Lavanchy, Robert Roethlisberger et Nicolas Hafner, d\u00e9cident de fonder le \u00ab\u00a0SWISSTET.Ils enregistrent un premier album fin 1991 avec des arrangements de chansons suisses en jazz,\u00a0\u00ab\u00a0My Swiss Standards\u00a0\u00bb.Ce projet rencontre imm\u00e9diatement un beau succ\u00e8s et sera suivi de deux autres albums,\u00a0\u00ab\u00a0Christmas Standards\u00a0\u00bb\u00a0et\u00a0\u00ab\u00a0Les Standards de Fugain\u00a0\u00bb.De 1992 \u00e0 1996, le SWISSTET [&hellip;]\" \/>\n<meta property=\"og:url\" content=\"https:\/\/nicolas-hafner.com\/web\/index.php\/2018-2\/voir-ecouter\/juke-box-swisstet\/\" \/>\n<meta property=\"og:site_name\" content=\"Nicolas Hafner\" \/>\n<meta property=\"article:modified_time\" content=\"2025-08-12T13:49:36+00:00\" \/>\n<meta property=\"og:image\" content=\"https:\/\/nicolas-hafner.com\/web\/wp-content\/uploads\/2013\/05\/SWISSTET_1_Fourre_CD-300x300.jpg\" \/>\n\t<meta property=\"og:image:width\" content=\"300\" \/>\n\t<meta property=\"og:image:height\" content=\"300\" \/>\n\t<meta property=\"og:image:type\" content=\"image\/jpeg\" \/>\n<meta name=\"twitter:card\" content=\"summary_large_image\" \/>\n<meta name=\"twitter:label1\" content=\"Dur\u00e9e de lecture estim\u00e9e\" \/>\n\t<meta name=\"twitter:data1\" content=\"2 minutes\" \/>\n<script type=\"application\/ld+json\" class=\"yoast-schema-graph\">{\"@context\":\"https:\\\/\\\/schema.org\",\"@graph\":[{\"@type\":\"WebPage\",\"@id\":\"https:\\\/\\\/nicolas-hafner.com\\\/web\\\/index.php\\\/2018-2\\\/voir-ecouter\\\/juke-box-swisstet\\\/\",\"url\":\"https:\\\/\\\/nicolas-hafner.com\\\/web\\\/index.php\\\/2018-2\\\/voir-ecouter\\\/juke-box-swisstet\\\/\",\"name\":\"Juke-Box Swisstet - Nicolas Hafner\",\"isPartOf\":{\"@id\":\"https:\\\/\\\/nicolas-hafner.com\\\/web\\\/#website\"},\"primaryImageOfPage\":{\"@id\":\"https:\\\/\\\/nicolas-hafner.com\\\/web\\\/index.php\\\/2018-2\\\/voir-ecouter\\\/juke-box-swisstet\\\/#primaryimage\"},\"image\":{\"@id\":\"https:\\\/\\\/nicolas-hafner.com\\\/web\\\/index.php\\\/2018-2\\\/voir-ecouter\\\/juke-box-swisstet\\\/#primaryimage\"},\"thumbnailUrl\":\"http:\\\/\\\/nicolas-hafner.com\\\/web\\\/wp-content\\\/uploads\\\/2013\\\/05\\\/SWISSTET_1_Fourre_CD-300x300.jpg\",\"datePublished\":\"2018-06-03T11:21:54+00:00\",\"dateModified\":\"2025-08-12T13:49:36+00:00\",\"breadcrumb\":{\"@id\":\"https:\\\/\\\/nicolas-hafner.com\\\/web\\\/index.php\\\/2018-2\\\/voir-ecouter\\\/juke-box-swisstet\\\/#breadcrumb\"},\"inLanguage\":\"fr-FR\",\"potentialAction\":[{\"@type\":\"ReadAction\",\"target\":[\"https:\\\/\\\/nicolas-hafner.com\\\/web\\\/index.php\\\/2018-2\\\/voir-ecouter\\\/juke-box-swisstet\\\/\"]}]},{\"@type\":\"ImageObject\",\"inLanguage\":\"fr-FR\",\"@id\":\"https:\\\/\\\/nicolas-hafner.com\\\/web\\\/index.php\\\/2018-2\\\/voir-ecouter\\\/juke-box-swisstet\\\/#primaryimage\",\"url\":\"https:\\\/\\\/nicolas-hafner.com\\\/web\\\/wp-content\\\/uploads\\\/2013\\\/05\\\/SWISSTET_1_Fourre_CD-300x300.jpg\",\"contentUrl\":\"https:\\\/\\\/nicolas-hafner.com\\\/web\\\/wp-content\\\/uploads\\\/2013\\\/05\\\/SWISSTET_1_Fourre_CD-300x300.jpg\",\"width\":300,\"height\":300},{\"@type\":\"BreadcrumbList\",\"@id\":\"https:\\\/\\\/nicolas-hafner.com\\\/web\\\/index.php\\\/2018-2\\\/voir-ecouter\\\/juke-box-swisstet\\\/#breadcrumb\",\"itemListElement\":[{\"@type\":\"ListItem\",\"position\":1,\"name\":\"Home\",\"item\":\"https:\\\/\\\/nicolas-hafner.com\\\/web\\\/\"},{\"@type\":\"ListItem\",\"position\":2,\"name\":\"2018\",\"item\":\"https:\\\/\\\/nicolas-hafner.com\\\/web\\\/index.php\\\/2018-2\\\/\"},{\"@type\":\"ListItem\",\"position\":3,\"name\":\"Voir &#038; \u00e9couter\",\"item\":\"https:\\\/\\\/nicolas-hafner.com\\\/web\\\/index.php\\\/2018-2\\\/voir-ecouter\\\/\"},{\"@type\":\"ListItem\",\"position\":4,\"name\":\"Juke-Box Swisstet\"}]},{\"@type\":\"WebSite\",\"@id\":\"https:\\\/\\\/nicolas-hafner.com\\\/web\\\/#website\",\"url\":\"https:\\\/\\\/nicolas-hafner.com\\\/web\\\/\",\"name\":\"Nicolas Hafner\",\"description\":\"&quot;Venez respirer un peu de musique!&quot;\",\"publisher\":{\"@id\":\"https:\\\/\\\/nicolas-hafner.com\\\/web\\\/#organization\"},\"potentialAction\":[{\"@type\":\"SearchAction\",\"target\":{\"@type\":\"EntryPoint\",\"urlTemplate\":\"https:\\\/\\\/nicolas-hafner.com\\\/web\\\/?s={search_term_string}\"},\"query-input\":{\"@type\":\"PropertyValueSpecification\",\"valueRequired\":true,\"valueName\":\"search_term_string\"}}],\"inLanguage\":\"fr-FR\"},{\"@type\":\"Organization\",\"@id\":\"https:\\\/\\\/nicolas-hafner.com\\\/web\\\/#organization\",\"name\":\"Nicolas Hafner\",\"url\":\"https:\\\/\\\/nicolas-hafner.com\\\/web\\\/\",\"logo\":{\"@type\":\"ImageObject\",\"inLanguage\":\"fr-FR\",\"@id\":\"https:\\\/\\\/nicolas-hafner.com\\\/web\\\/#\\\/schema\\\/logo\\\/image\\\/\",\"url\":\"https:\\\/\\\/nicolas-hafner.com\\\/web\\\/wp-content\\\/uploads\\\/2018\\\/11\\\/new_NH.png\",\"contentUrl\":\"https:\\\/\\\/nicolas-hafner.com\\\/web\\\/wp-content\\\/uploads\\\/2018\\\/11\\\/new_NH.png\",\"width\":1677,\"height\":1677,\"caption\":\"Nicolas Hafner\"},\"image\":{\"@id\":\"https:\\\/\\\/nicolas-hafner.com\\\/web\\\/#\\\/schema\\\/logo\\\/image\\\/\"}}]}<\/script>\n<!-- \/ Yoast SEO plugin. -->","yoast_head_json":{"title":"Juke-Box Swisstet - Nicolas Hafner","robots":{"index":"index","follow":"follow","max-snippet":"max-snippet:-1","max-image-preview":"max-image-preview:large","max-video-preview":"max-video-preview:-1"},"canonical":"https:\/\/nicolas-hafner.com\/web\/index.php\/2018-2\/voir-ecouter\/juke-box-swisstet\/","og_locale":"fr_FR","og_type":"article","og_title":"Juke-Box Swisstet - Nicolas Hafner","og_description":"En 1991, trois amis musiciens, Jean-Luc Lavanchy, Robert Roethlisberger et Nicolas Hafner, d\u00e9cident de fonder le \u00ab\u00a0SWISSTET.Ils enregistrent un premier album fin 1991 avec des arrangements de chansons suisses en jazz,\u00a0\u00ab\u00a0My Swiss Standards\u00a0\u00bb.Ce projet rencontre imm\u00e9diatement un beau succ\u00e8s et sera suivi de deux autres albums,\u00a0\u00ab\u00a0Christmas Standards\u00a0\u00bb\u00a0et\u00a0\u00ab\u00a0Les Standards de Fugain\u00a0\u00bb.De 1992 \u00e0 1996, le SWISSTET [&hellip;]","og_url":"https:\/\/nicolas-hafner.com\/web\/index.php\/2018-2\/voir-ecouter\/juke-box-swisstet\/","og_site_name":"Nicolas Hafner","article_modified_time":"2025-08-12T13:49:36+00:00","og_image":[{"width":300,"height":300,"url":"https:\/\/nicolas-hafner.com\/web\/wp-content\/uploads\/2013\/05\/SWISSTET_1_Fourre_CD-300x300.jpg","type":"image\/jpeg"}],"twitter_card":"summary_large_image","twitter_misc":{"Dur\u00e9e de lecture estim\u00e9e":"2 minutes"},"schema":{"@context":"https:\/\/schema.org","@graph":[{"@type":"WebPage","@id":"https:\/\/nicolas-hafner.com\/web\/index.php\/2018-2\/voir-ecouter\/juke-box-swisstet\/","url":"https:\/\/nicolas-hafner.com\/web\/index.php\/2018-2\/voir-ecouter\/juke-box-swisstet\/","name":"Juke-Box Swisstet - Nicolas Hafner","isPartOf":{"@id":"https:\/\/nicolas-hafner.com\/web\/#website"},"primaryImageOfPage":{"@id":"https:\/\/nicolas-hafner.com\/web\/index.php\/2018-2\/voir-ecouter\/juke-box-swisstet\/#primaryimage"},"image":{"@id":"https:\/\/nicolas-hafner.com\/web\/index.php\/2018-2\/voir-ecouter\/juke-box-swisstet\/#primaryimage"},"thumbnailUrl":"http:\/\/nicolas-hafner.com\/web\/wp-content\/uploads\/2013\/05\/SWISSTET_1_Fourre_CD-300x300.jpg","datePublished":"2018-06-03T11:21:54+00:00","dateModified":"2025-08-12T13:49:36+00:00","breadcrumb":{"@id":"https:\/\/nicolas-hafner.com\/web\/index.php\/2018-2\/voir-ecouter\/juke-box-swisstet\/#breadcrumb"},"inLanguage":"fr-FR","potentialAction":[{"@type":"ReadAction","target":["https:\/\/nicolas-hafner.com\/web\/index.php\/2018-2\/voir-ecouter\/juke-box-swisstet\/"]}]},{"@type":"ImageObject","inLanguage":"fr-FR","@id":"https:\/\/nicolas-hafner.com\/web\/index.php\/2018-2\/voir-ecouter\/juke-box-swisstet\/#primaryimage","url":"https:\/\/nicolas-hafner.com\/web\/wp-content\/uploads\/2013\/05\/SWISSTET_1_Fourre_CD-300x300.jpg","contentUrl":"https:\/\/nicolas-hafner.com\/web\/wp-content\/uploads\/2013\/05\/SWISSTET_1_Fourre_CD-300x300.jpg","width":300,"height":300},{"@type":"BreadcrumbList","@id":"https:\/\/nicolas-hafner.com\/web\/index.php\/2018-2\/voir-ecouter\/juke-box-swisstet\/#breadcrumb","itemListElement":[{"@type":"ListItem","position":1,"name":"Home","item":"https:\/\/nicolas-hafner.com\/web\/"},{"@type":"ListItem","position":2,"name":"2018","item":"https:\/\/nicolas-hafner.com\/web\/index.php\/2018-2\/"},{"@type":"ListItem","position":3,"name":"Voir &#038; \u00e9couter","item":"https:\/\/nicolas-hafner.com\/web\/index.php\/2018-2\/voir-ecouter\/"},{"@type":"ListItem","position":4,"name":"Juke-Box Swisstet"}]},{"@type":"WebSite","@id":"https:\/\/nicolas-hafner.com\/web\/#website","url":"https:\/\/nicolas-hafner.com\/web\/","name":"Nicolas Hafner","description":"&quot;Venez respirer un peu de musique!&quot;","publisher":{"@id":"https:\/\/nicolas-hafner.com\/web\/#organization"},"potentialAction":[{"@type":"SearchAction","target":{"@type":"EntryPoint","urlTemplate":"https:\/\/nicolas-hafner.com\/web\/?s={search_term_string}"},"query-input":{"@type":"PropertyValueSpecification","valueRequired":true,"valueName":"search_term_string"}}],"inLanguage":"fr-FR"},{"@type":"Organization","@id":"https:\/\/nicolas-hafner.com\/web\/#organization","name":"Nicolas Hafner","url":"https:\/\/nicolas-hafner.com\/web\/","logo":{"@type":"ImageObject","inLanguage":"fr-FR","@id":"https:\/\/nicolas-hafner.com\/web\/#\/schema\/logo\/image\/","url":"https:\/\/nicolas-hafner.com\/web\/wp-content\/uploads\/2018\/11\/new_NH.png","contentUrl":"https:\/\/nicolas-hafner.com\/web\/wp-content\/uploads\/2018\/11\/new_NH.png","width":1677,"height":1677,"caption":"Nicolas Hafner"},"image":{"@id":"https:\/\/nicolas-hafner.com\/web\/#\/schema\/logo\/image\/"}}]}},"jetpack_sharing_enabled":true,"jetpack_shortlink":"https:\/\/wp.me\/P9Y1OF-ZM","_links":{"self":[{"href":"https:\/\/nicolas-hafner.com\/web\/index.php\/wp-json\/wp\/v2\/pages\/3830","targetHints":{"allow":["GET"]}}],"collection":[{"href":"https:\/\/nicolas-hafner.com\/web\/index.php\/wp-json\/wp\/v2\/pages"}],"about":[{"href":"https:\/\/nicolas-hafner.com\/web\/index.php\/wp-json\/wp\/v2\/types\/page"}],"author":[{"embeddable":true,"href":"https:\/\/nicolas-hafner.com\/web\/index.php\/wp-json\/wp\/v2\/users\/1"}],"replies":[{"embeddable":true,"href":"https:\/\/nicolas-hafner.com\/web\/index.php\/wp-json\/wp\/v2\/comments?post=3830"}],"version-history":[{"count":11,"href":"https:\/\/nicolas-hafner.com\/web\/index.php\/wp-json\/wp\/v2\/pages\/3830\/revisions"}],"predecessor-version":[{"id":4864,"href":"https:\/\/nicolas-hafner.com\/web\/index.php\/wp-json\/wp\/v2\/pages\/3830\/revisions\/4864"}],"up":[{"embeddable":true,"href":"https:\/\/nicolas-hafner.com\/web\/index.php\/wp-json\/wp\/v2\/pages\/4108"}],"wp:attachment":[{"href":"https:\/\/nicolas-hafner.com\/web\/index.php\/wp-json\/wp\/v2\/media?parent=3830"}],"curies":[{"name":"wp","href":"https:\/\/api.w.org\/{rel}","templated":true}]}}