{"id":22,"date":"2013-02-09T15:46:18","date_gmt":"2013-02-09T15:46:18","guid":{"rendered":"http:\/\/www.esteyo.com\/nicolas-hafner\/?page_id=22"},"modified":"2026-08-30T13:51:08","modified_gmt":"2026-08-30T13:51:08","slug":"prochains-spectacles","status":"publish","type":"page","link":"https:\/\/nicolas-hafner.com\/web\/index.php\/2018-2\/prochains-spectacles\/","title":{"rendered":"Prochains spectacles"},"content":{"rendered":"\t\t<div data-elementor-type=\"wp-post\" data-elementor-id=\"22\" class=\"elementor elementor-22\" data-elementor-post-type=\"page\">\n\t\t\t\t\t\t<section class=\"elementor-section elementor-top-section elementor-element elementor-element-adf70f6 elementor-section-boxed elementor-section-height-default elementor-section-height-default\" data-id=\"adf70f6\" data-element_type=\"section\" data-e-type=\"section\">\n\t\t\t\t\t\t<div class=\"elementor-container elementor-column-gap-default\">\n\t\t\t\t\t<div class=\"elementor-column elementor-col-100 elementor-top-column elementor-element elementor-element-eef9407\" data-id=\"eef9407\" data-element_type=\"column\" data-e-type=\"column\" data-settings=\"{&quot;background_background&quot;:&quot;classic&quot;}\">\n\t\t\t<div class=\"elementor-widget-wrap elementor-element-populated\">\n\t\t\t\t\t\t<div class=\"elementor-element elementor-element-142cc33 elementor-widget elementor-widget-spacer\" data-id=\"142cc33\" data-element_type=\"widget\" data-e-type=\"widget\" data-widget_type=\"spacer.default\">\n\t\t\t\t<div class=\"elementor-widget-container\">\n\t\t\t\t\t\t\t<div class=\"elementor-spacer\">\n\t\t\t<div class=\"elementor-spacer-inner\"><\/div>\n\t\t<\/div>\n\t\t\t\t\t\t<\/div>\n\t\t\t\t<\/div>\n\t\t\t\t<div class=\"elementor-element elementor-element-9020f96 elementor-widget elementor-widget-text-editor\" data-id=\"9020f96\" data-element_type=\"widget\" data-e-type=\"widget\" data-widget_type=\"text-editor.default\">\n\t\t\t\t<div class=\"elementor-widget-container\">\n\t\t\t\t\t\t\t\t\t<header class=\"entry-header ast-header-without-markup\"><h1 class=\"entry-title\">Prochains spectacles<\/h1><\/header><div class=\"entry-content clear\"><div class=\"elementor elementor-22 elementor-edit-area elementor-edit-mode elementor-edit-area-active\" data-elementor-type=\"wp-post\" data-elementor-id=\"22\" data-elementor-title=\"Article\" data-elementor-post-type=\"page\"><div class=\"elementor-section-wrap ui-sortable\">\u00a0<\/div><\/div><\/div>\t\t\t\t\t\t\t\t<\/div>\n\t\t\t\t<\/div>\n\t\t\t\t<div class=\"elementor-element elementor-element-11a57d5 elementor-widget__width-initial elementor-widget elementor-widget-text-editor\" data-id=\"11a57d5\" data-element_type=\"widget\" data-e-type=\"widget\" data-widget_type=\"text-editor.default\">\n\t\t\t\t<div class=\"elementor-widget-container\">\n\t\t\t\t\t\t\t\t\t<h1>Jeudi 17 septembre, EMA, 20h30<\/h1><h2>Soir\u00e9e open-mic chanson fran\u00e7aise.<\/h2><div><a href=\"https:\/\/ema.school\/evenement\/open-mic-chanson-francaise-nicolas-hafner\/\" target=\"_blank\" rel=\"noopener\">https:\/\/ema.school\/evenement\/open-mic-chanson-francaise-nicolas-hafner\/<\/a><\/div><div>\u00a0<\/div><div>\u00a0<\/div><h1>Lundi 21 septembre, restaurant arm\u00e9nien Le Mayrig, rue Caroline 8, d\u00e9s 19h00<\/h1><h2>Duo avec la chanteuse Florence Chitacumbi<\/h2><div><a href=\"https:\/\/mayrigbistrot.com\/\" target=\"_blank\" rel=\"noopener\">https:\/\/mayrigbistrot.com\/<\/a><\/div><div>\u00a0<\/div><div>\u00a0<\/div><h1>Du 15 au 18 octobre, Ch\u00e2tel-Saint-Denis.<\/h1><h2>Concert annuel de la chorale FMR \u00ab\u00a0Florent Pagny \u00ab\u00a0<\/h2><div><a href=\"https:\/\/www.choeurfmair.com\/\" target=\"_blank\" rel=\"noopener\">https:\/\/www.choeurfmair.com\/<\/a><\/div><div>\u00a0<\/div><div><h1>Jeudi 15 octobre, EMA, 20h30<\/h1><h2>Soir\u00e9e open-mic chanson fran\u00e7aise.<\/h2><div><a href=\"https:\/\/ema.school\/evenement\/\" target=\"_blank\" rel=\"noopener\">https:\/\/ema.school\/evenement\/<\/a><\/div><\/div><div>\u00a0<\/div><h1>Jeudi 29 octobre, Plaine de Plainpalais<\/h1><h2>Premi\u00e8re de La Revue Genevoise<\/h2><div><a href=\"https:\/\/larevue.ch\/\" target=\"_blank\" rel=\"noopener\">https:\/\/larevue.ch\/<\/a><\/div><div>\u00a0<\/div><div>\u00a0<\/div><h1>Samedi 7 novembre, 18h00 &#8211; 20h00, Cit\u00e9 Seniors, rue Amat<\/h1><h2>20 ans de la Cit\u00e9 Seniors, grand bal populaire avec orchestre !<\/h2><div><a href=\"https:\/\/www.geneve.ch\/cite-seniors\" target=\"_blank\" rel=\"noopener\">https:\/\/www.geneve.ch\/cite-seniors<\/a><\/div><div>\u00a0<\/div><div>\u00a0<\/div><h1>Dimanche 8 novembre, D\u00e8s 14 heures, journ\u00e9e Cin\u00e9 &#8211; famille \u00e0 Soral<\/h1><div>\u00a0<\/div><div><h1>Dimanche 15 novembre 17 heures, temple de Renan (BE)<\/h1><h2>Concert \u00a0de la chorale FMR \u00ab\u00a0Florent Pagny \u00ab\u00a0<\/h2><div><a href=\"https:\/\/www.choeurfmair.com\/\" target=\"_blank\" rel=\"noopener\">https:\/\/www.choeurfmair.com\/<\/a><\/div><\/div><div>\u00a0<\/div><div>\u00a0<\/div><div><h1>Jeudi 19 novembre, EMA, 20h30<\/h1><h2>Soir\u00e9e open-mic chanson fran\u00e7aise.<\/h2><div><a href=\"https:\/\/ema.school\/evenement\/\" target=\"_blank\" rel=\"noopener\">https:\/\/ema.school\/evenement\/<\/a><\/div><\/div><div>\u00a0<\/div><div>\u00a0<\/div><div><h1>Dimanche 13 d\u00e9cembre, 14h00 &#8211; 17h00, Cit\u00e9 Seniors, rue Amat<\/h1><h2>Grand bal de No\u00ebl avec orchestre !<\/h2><div><a href=\"https:\/\/www.geneve.ch\/cite-seniors\" target=\"_blank\" rel=\"noopener\">https:\/\/www.geneve.ch\/cite-seniors<\/a><\/div><\/div><div>\u00a0<\/div><div>\u00a0<\/div><div><h1>Jeudi 17 d\u00e9cembre, EMA, 20h30<\/h1><h2>Soir\u00e9e open-mic chanson fran\u00e7aise.<\/h2><div><a href=\"https:\/\/ema.school\/evenement\/\" target=\"_blank\" rel=\"noopener\">https:\/\/ema.school\/evenement\/<\/a><\/div><\/div><div>\u00a0<\/div><div>\u00a0<\/div><div><h1>Jeudi 14 janvier, EMA, 20h30<\/h1><h2>Soir\u00e9e open-mic chanson fran\u00e7aise.<\/h2><div><a href=\"https:\/\/ema.school\/evenement\/\" target=\"_blank\" rel=\"noopener\">https:\/\/ema.school\/evenement\/<\/a><\/div><\/div><div>\u00a0<\/div><div>\u00a0<\/div><h1>Jeudi 21 janvier, Chaudron, EMA, 19h00<\/h1><h2>Concert public de l\u2019orchestre des \u00e9tudiants de la HEM : module d&rsquo;ouverture Jazz et Musiques actuelles.<\/h2><div><a href=\"https:\/\/ema.school\/evenement\/\" target=\"_blank\" rel=\"noopener\">https:\/\/ema.school\/evenement\/<\/a><\/div><div>\u00a0<\/div><div>\u00a0<\/div><h1>Vendredi 12 mars, Chaudron, EMA, 19h00<\/h1><h2>Concert public de l\u2019orchestre des \u00e9tudiants de la HEM : module d&rsquo;ouverture Jazz et Musiques actuelles.<\/h2><div><a href=\"https:\/\/ema.school\/evenement\/\" target=\"_blank\" rel=\"noopener\">https:\/\/ema.school\/evenement\/<\/a><\/div>\t\t\t\t\t\t\t\t<\/div>\n\t\t\t\t<\/div>\n\t\t\t\t\t<\/div>\n\t\t<\/div>\n\t\t\t\t\t<\/div>\n\t\t<\/section>\n\t\t\t\t<\/div>\n\t\t","protected":false},"excerpt":{"rendered":"<p>Prochains spectacles \u00a0 Jeudi 17 septembre, EMA, 20h30 Soir\u00e9e open-mic chanson fran\u00e7aise. https:\/\/ema.school\/evenement\/open-mic-chanson-francaise-nicolas-hafner\/\u00a0\u00a0 Lundi 21 septembre, restaurant arm\u00e9nien Le Mayrig, rue Caroline 8, d\u00e9s 19h00 Duo avec la chanteuse Florence Chitacumbi https:\/\/mayrigbistrot.com\/\u00a0\u00a0 Du 15 au 18 octobre, Ch\u00e2tel-Saint-Denis. Concert annuel de la chorale FMR \u00ab\u00a0Florent Pagny \u00ab\u00a0 https:\/\/www.choeurfmair.com\/\u00a0 Jeudi 15 octobre, EMA, 20h30 Soir\u00e9e open-mic [&hellip;]<\/p>\n","protected":false},"author":1,"featured_media":0,"parent":4094,"menu_order":0,"comment_status":"closed","ping_status":"closed","template":"elementor_header_footer","meta":{"site-sidebar-layout":"no-sidebar","site-content-layout":"page-builder","ast-site-content-layout":"default","site-content-style":"default","site-sidebar-style":"default","ast-global-header-display":"","ast-banner-title-visibility":"","ast-main-header-display":"","ast-hfb-above-header-display":"","ast-hfb-below-header-display":"","ast-hfb-mobile-header-display":"","site-post-title":"","ast-breadcrumbs-content":"","ast-featured-img":"disabled","footer-sml-layout":"","ast-disable-related-posts":"","theme-transparent-header-meta":"default","adv-header-id-meta":"","stick-header-meta":"","header-above-stick-meta":"","header-main-stick-meta":"","header-below-stick-meta":"","astra-migrate-meta-layouts":"default","ast-page-background-enabled":"default","ast-page-background-meta":{"desktop":{"background-color":"","background-image":"","background-repeat":"repeat","background-position":"center center","background-size":"auto","background-attachment":"scroll","background-type":"","background-media":"","overlay-type":"","overlay-color":"","overlay-opacity":"","overlay-gradient":""},"tablet":{"background-color":"","background-image":"","background-repeat":"repeat","background-position":"center center","background-size":"auto","background-attachment":"scroll","background-type":"","background-media":"","overlay-type":"","overlay-color":"","overlay-opacity":"","overlay-gradient":""},"mobile":{"background-color":"","background-image":"","background-repeat":"repeat","background-position":"center center","background-size":"auto","background-attachment":"scroll","background-type":"","background-media":"","overlay-type":"","overlay-color":"","overlay-opacity":"","overlay-gradient":""}},"ast-content-background-meta":{"desktop":{"background-color":"var(--ast-global-color-5)","background-image":"","background-repeat":"repeat","background-position":"center center","background-size":"auto","background-attachment":"scroll","background-type":"","background-media":"","overlay-type":"","overlay-color":"","overlay-opacity":"","overlay-gradient":""},"tablet":{"background-color":"var(--ast-global-color-5)","background-image":"","background-repeat":"repeat","background-position":"center center","background-size":"auto","background-attachment":"scroll","background-type":"","background-media":"","overlay-type":"","overlay-color":"","overlay-opacity":"","overlay-gradient":""},"mobile":{"background-color":"var(--ast-global-color-5)","background-image":"","background-repeat":"repeat","background-position":"center center","background-size":"auto","background-attachment":"scroll","background-type":"","background-media":"","overlay-type":"","overlay-color":"","overlay-opacity":"","overlay-gradient":""}},"footnotes":""},"class_list":["post-22","page","type-page","status-publish","hentry"],"yoast_head":"<!-- This site is optimized with the Yoast SEO plugin v28.3 - https:\/\/yoast.com\/product\/yoast-seo-wordpress\/ -->\n<title>Prochains spectacles - Nicolas Hafner<\/title>\n<meta name=\"robots\" content=\"index, follow, max-snippet:-1, max-image-preview:large, max-video-preview:-1\" \/>\n<link rel=\"canonical\" href=\"https:\/\/nicolas-hafner.com\/web\/index.php\/2018-2\/prochains-spectacles\/\" \/>\n<meta property=\"og:locale\" content=\"fr_FR\" \/>\n<meta property=\"og:type\" content=\"article\" \/>\n<meta property=\"og:title\" content=\"Prochains spectacles - Nicolas Hafner\" \/>\n<meta property=\"og:description\" content=\"Prochains spectacles \u00a0 Jeudi 17 septembre, EMA, 20h30 Soir\u00e9e open-mic chanson fran\u00e7aise. https:\/\/ema.school\/evenement\/open-mic-chanson-francaise-nicolas-hafner\/\u00a0\u00a0 Lundi 21 septembre, restaurant arm\u00e9nien Le Mayrig, rue Caroline 8, d\u00e9s 19h00 Duo avec la chanteuse Florence Chitacumbi https:\/\/mayrigbistrot.com\/\u00a0\u00a0 Du 15 au 18 octobre, Ch\u00e2tel-Saint-Denis. Concert annuel de la chorale FMR \u00ab\u00a0Florent Pagny \u00ab\u00a0 https:\/\/www.choeurfmair.com\/\u00a0 Jeudi 15 octobre, EMA, 20h30 Soir\u00e9e open-mic [&hellip;]\" \/>\n<meta property=\"og:url\" content=\"https:\/\/nicolas-hafner.com\/web\/index.php\/2018-2\/prochains-spectacles\/\" \/>\n<meta property=\"og:site_name\" content=\"Nicolas Hafner\" \/>\n<meta property=\"article:modified_time\" content=\"2026-08-30T13:51:08+00:00\" \/>\n<meta name=\"twitter:card\" content=\"summary_large_image\" \/>\n<meta name=\"twitter:label1\" content=\"Dur\u00e9e de lecture estim\u00e9e\" \/>\n\t<meta name=\"twitter:data1\" content=\"2 minutes\" \/>\n<script type=\"application\/ld+json\" class=\"yoast-schema-graph\">{\"@context\":\"https:\\\/\\\/schema.org\",\"@graph\":[{\"@type\":\"WebPage\",\"@id\":\"https:\\\/\\\/nicolas-hafner.com\\\/web\\\/index.php\\\/2018-2\\\/prochains-spectacles\\\/\",\"url\":\"https:\\\/\\\/nicolas-hafner.com\\\/web\\\/index.php\\\/2018-2\\\/prochains-spectacles\\\/\",\"name\":\"Prochains spectacles - Nicolas Hafner\",\"isPartOf\":{\"@id\":\"https:\\\/\\\/nicolas-hafner.com\\\/web\\\/#website\"},\"datePublished\":\"2013-02-09T15:46:18+00:00\",\"dateModified\":\"2026-08-30T13:51:08+00:00\",\"breadcrumb\":{\"@id\":\"https:\\\/\\\/nicolas-hafner.com\\\/web\\\/index.php\\\/2018-2\\\/prochains-spectacles\\\/#breadcrumb\"},\"inLanguage\":\"fr-FR\",\"potentialAction\":[{\"@type\":\"ReadAction\",\"target\":[\"https:\\\/\\\/nicolas-hafner.com\\\/web\\\/index.php\\\/2018-2\\\/prochains-spectacles\\\/\"]}]},{\"@type\":\"BreadcrumbList\",\"@id\":\"https:\\\/\\\/nicolas-hafner.com\\\/web\\\/index.php\\\/2018-2\\\/prochains-spectacles\\\/#breadcrumb\",\"itemListElement\":[{\"@type\":\"ListItem\",\"position\":1,\"name\":\"Home\",\"item\":\"https:\\\/\\\/nicolas-hafner.com\\\/web\\\/\"},{\"@type\":\"ListItem\",\"position\":2,\"name\":\"2018\",\"item\":\"https:\\\/\\\/nicolas-hafner.com\\\/web\\\/index.php\\\/2018-2\\\/\"},{\"@type\":\"ListItem\",\"position\":3,\"name\":\"Prochains spectacles\"}]},{\"@type\":\"WebSite\",\"@id\":\"https:\\\/\\\/nicolas-hafner.com\\\/web\\\/#website\",\"url\":\"https:\\\/\\\/nicolas-hafner.com\\\/web\\\/\",\"name\":\"Nicolas Hafner\",\"description\":\"&quot;Venez respirer un peu de musique!&quot;\",\"publisher\":{\"@id\":\"https:\\\/\\\/nicolas-hafner.com\\\/web\\\/#organization\"},\"potentialAction\":[{\"@type\":\"SearchAction\",\"target\":{\"@type\":\"EntryPoint\",\"urlTemplate\":\"https:\\\/\\\/nicolas-hafner.com\\\/web\\\/?s={search_term_string}\"},\"query-input\":{\"@type\":\"PropertyValueSpecification\",\"valueRequired\":true,\"valueName\":\"search_term_string\"}}],\"inLanguage\":\"fr-FR\"},{\"@type\":\"Organization\",\"@id\":\"https:\\\/\\\/nicolas-hafner.com\\\/web\\\/#organization\",\"name\":\"Nicolas Hafner\",\"url\":\"https:\\\/\\\/nicolas-hafner.com\\\/web\\\/\",\"logo\":{\"@type\":\"ImageObject\",\"inLanguage\":\"fr-FR\",\"@id\":\"https:\\\/\\\/nicolas-hafner.com\\\/web\\\/#\\\/schema\\\/logo\\\/image\\\/\",\"url\":\"https:\\\/\\\/nicolas-hafner.com\\\/web\\\/wp-content\\\/uploads\\\/2018\\\/11\\\/new_NH.png\",\"contentUrl\":\"https:\\\/\\\/nicolas-hafner.com\\\/web\\\/wp-content\\\/uploads\\\/2018\\\/11\\\/new_NH.png\",\"width\":1677,\"height\":1677,\"caption\":\"Nicolas Hafner\"},\"image\":{\"@id\":\"https:\\\/\\\/nicolas-hafner.com\\\/web\\\/#\\\/schema\\\/logo\\\/image\\\/\"}}]}<\/script>\n<!-- \/ Yoast SEO plugin. -->","yoast_head_json":{"title":"Prochains spectacles - Nicolas Hafner","robots":{"index":"index","follow":"follow","max-snippet":"max-snippet:-1","max-image-preview":"max-image-preview:large","max-video-preview":"max-video-preview:-1"},"canonical":"https:\/\/nicolas-hafner.com\/web\/index.php\/2018-2\/prochains-spectacles\/","og_locale":"fr_FR","og_type":"article","og_title":"Prochains spectacles - Nicolas Hafner","og_description":"Prochains spectacles \u00a0 Jeudi 17 septembre, EMA, 20h30 Soir\u00e9e open-mic chanson fran\u00e7aise. https:\/\/ema.school\/evenement\/open-mic-chanson-francaise-nicolas-hafner\/\u00a0\u00a0 Lundi 21 septembre, restaurant arm\u00e9nien Le Mayrig, rue Caroline 8, d\u00e9s 19h00 Duo avec la chanteuse Florence Chitacumbi https:\/\/mayrigbistrot.com\/\u00a0\u00a0 Du 15 au 18 octobre, Ch\u00e2tel-Saint-Denis. Concert annuel de la chorale FMR \u00ab\u00a0Florent Pagny \u00ab\u00a0 https:\/\/www.choeurfmair.com\/\u00a0 Jeudi 15 octobre, EMA, 20h30 Soir\u00e9e open-mic [&hellip;]","og_url":"https:\/\/nicolas-hafner.com\/web\/index.php\/2018-2\/prochains-spectacles\/","og_site_name":"Nicolas Hafner","article_modified_time":"2026-08-30T13:51:08+00:00","twitter_card":"summary_large_image","twitter_misc":{"Dur\u00e9e de lecture estim\u00e9e":"2 minutes"},"schema":{"@context":"https:\/\/schema.org","@graph":[{"@type":"WebPage","@id":"https:\/\/nicolas-hafner.com\/web\/index.php\/2018-2\/prochains-spectacles\/","url":"https:\/\/nicolas-hafner.com\/web\/index.php\/2018-2\/prochains-spectacles\/","name":"Prochains spectacles - Nicolas Hafner","isPartOf":{"@id":"https:\/\/nicolas-hafner.com\/web\/#website"},"datePublished":"2013-02-09T15:46:18+00:00","dateModified":"2026-08-30T13:51:08+00:00","breadcrumb":{"@id":"https:\/\/nicolas-hafner.com\/web\/index.php\/2018-2\/prochains-spectacles\/#breadcrumb"},"inLanguage":"fr-FR","potentialAction":[{"@type":"ReadAction","target":["https:\/\/nicolas-hafner.com\/web\/index.php\/2018-2\/prochains-spectacles\/"]}]},{"@type":"BreadcrumbList","@id":"https:\/\/nicolas-hafner.com\/web\/index.php\/2018-2\/prochains-spectacles\/#breadcrumb","itemListElement":[{"@type":"ListItem","position":1,"name":"Home","item":"https:\/\/nicolas-hafner.com\/web\/"},{"@type":"ListItem","position":2,"name":"2018","item":"https:\/\/nicolas-hafner.com\/web\/index.php\/2018-2\/"},{"@type":"ListItem","position":3,"name":"Prochains spectacles"}]},{"@type":"WebSite","@id":"https:\/\/nicolas-hafner.com\/web\/#website","url":"https:\/\/nicolas-hafner.com\/web\/","name":"Nicolas Hafner","description":"&quot;Venez respirer un peu de musique!&quot;","publisher":{"@id":"https:\/\/nicolas-hafner.com\/web\/#organization"},"potentialAction":[{"@type":"SearchAction","target":{"@type":"EntryPoint","urlTemplate":"https:\/\/nicolas-hafner.com\/web\/?s={search_term_string}"},"query-input":{"@type":"PropertyValueSpecification","valueRequired":true,"valueName":"search_term_string"}}],"inLanguage":"fr-FR"},{"@type":"Organization","@id":"https:\/\/nicolas-hafner.com\/web\/#organization","name":"Nicolas Hafner","url":"https:\/\/nicolas-hafner.com\/web\/","logo":{"@type":"ImageObject","inLanguage":"fr-FR","@id":"https:\/\/nicolas-hafner.com\/web\/#\/schema\/logo\/image\/","url":"https:\/\/nicolas-hafner.com\/web\/wp-content\/uploads\/2018\/11\/new_NH.png","contentUrl":"https:\/\/nicolas-hafner.com\/web\/wp-content\/uploads\/2018\/11\/new_NH.png","width":1677,"height":1677,"caption":"Nicolas Hafner"},"image":{"@id":"https:\/\/nicolas-hafner.com\/web\/#\/schema\/logo\/image\/"}}]}},"jetpack_sharing_enabled":true,"jetpack_shortlink":"https:\/\/wp.me\/P9Y1OF-m","_links":{"self":[{"href":"https:\/\/nicolas-hafner.com\/web\/index.php\/wp-json\/wp\/v2\/pages\/22","targetHints":{"allow":["GET"]}}],"collection":[{"href":"https:\/\/nicolas-hafner.com\/web\/index.php\/wp-json\/wp\/v2\/pages"}],"about":[{"href":"https:\/\/nicolas-hafner.com\/web\/index.php\/wp-json\/wp\/v2\/types\/page"}],"author":[{"embeddable":true,"href":"https:\/\/nicolas-hafner.com\/web\/index.php\/wp-json\/wp\/v2\/users\/1"}],"replies":[{"embeddable":true,"href":"https:\/\/nicolas-hafner.com\/web\/index.php\/wp-json\/wp\/v2\/comments?post=22"}],"version-history":[{"count":268,"href":"https:\/\/nicolas-hafner.com\/web\/index.php\/wp-json\/wp\/v2\/pages\/22\/revisions"}],"predecessor-version":[{"id":4931,"href":"https:\/\/nicolas-hafner.com\/web\/index.php\/wp-json\/wp\/v2\/pages\/22\/revisions\/4931"}],"up":[{"embeddable":true,"href":"https:\/\/nicolas-hafner.com\/web\/index.php\/wp-json\/wp\/v2\/pages\/4094"}],"wp:attachment":[{"href":"https:\/\/nicolas-hafner.com\/web\/index.php\/wp-json\/wp\/v2\/media?parent=22"}],"curies":[{"name":"wp","href":"https:\/\/api.w.org\/{rel}","templated":true}]}}